{"id":16,"date":"2017-02-27T18:03:34","date_gmt":"2017-02-27T17:03:34","guid":{"rendered":"http:\/\/www.firstcisl.it\/piemontevalledaosta\/?page_id=16"},"modified":"2025-12-01T13:40:20","modified_gmt":"2025-12-01T12:40:20","slug":"home","status":"publish","type":"page","link":"https:\/\/www.firstcisl.it\/piemontevalledaosta\/","title":{"rendered":"HOME"},"content":{"rendered":"<section class=\"wpb-content-wrapper\"><p>[vc_row full_width=&#8221;stretch_row&#8221; equal_height=&#8221;yes&#8221;][vc_column width=&#8221;1\/2&#8243; offset=&#8221;vc_col-md-8&#8243; css=&#8221;.vc_custom_1510568228444{background-image: url(https:\/\/www.firstcisl.it\/piemontevalledaosta\/wp-content\/uploads\/sites\/40\/2017\/02\/Piemonte_VdA2.jpg?id=1227) !important;background-position: center !important;background-repeat: no-repeat !important;background-size: cover !important;}&#8221; el_class=&#8221;home-hero&#8221;][\/vc_column][vc_column width=&#8221;1\/2&#8243; css=&#8221;.vc_custom_1487954832873{background-color: #eeeeee !important;}&#8221; el_class=&#8221;notizie-nazionale&#8221; offset=&#8221;vc_col-md-4&#8243;][vc_custom_heading text=&#8221;News nazionali&#8221; font_container=&#8221;tag:h3|text_align:left&#8221; google_fonts=&#8221;font_family:Open%20Sans%3A300%2C300italic%2Cregular%2Citalic%2C600%2C600italic%2C700%2C700italic%2C800%2C800italic|font_style:600%20bold%20regular%3A600%3Anormal&#8221; css=&#8221;.vc_custom_1486037011626{margin-top: 10px !important;margin-right: 10px !important;margin-bottom: 10px !important;margin-left: 10px !important;}&#8221; link=&#8221;|||&#8221;]\t\n\n\t<div class=\"module-6 module\" >\n\t\t\n\n\t\t\t\n\t\t\t\t\t\n\t\t\t\n\t\t\t<div class=\"row post-58647 post type-post status-publish format-standard has-post-thumbnail hentry category-il-valore-delle-idee category-in-evidenza tag-bancari tag-banche tag-comunicato-unitario tag-piattaforma-ccnl-abi tag-rinnovo-ccnl-abi tag-rinnovo-ccnl-banche\" itemscope itemtype=\"https:\/\/schema.org\/Article\">\n\t\t\t\t\n\t\t\t\t\t\t\t\t<div class=\"col-lg-6 col-md-6 col-sm-5 col-xs-5\">\n\t\t\t\t\t<div class=\"featured-image-wrap\">\n\t\t\t\t\t\t\t\t\t\t\t\t\n\t\t\t\t\t\t<a href=\"https:\/\/www.firstcisl.it\/2026\/04\/piattaforma-ccnl-credito-le-assemblee-delle-lavoratrici-e-dei-lavoratori-dal-4-maggio-al-10-luglio\/\" title=\"Piattaforma Ccnl Credito: le Assemblee delle lavoratrici e dei lavoratori dal 4 maggio al 10 luglio\">\n\t\t\t\t\t\t\t<img loading=\"lazy\" decoding=\"async\" itemprop=\"image\" class=\"featured-image\" width=\"370\" height=\"277\" src=\"https:\/\/www.firstcisl.it\/piemontevalledaosta\/wp-content\/uploads\/2026\/04\/Piattaformas_Ccnl_Abi_20260420_Le_persone_prima_di_tutto_v1-370x277.jpg\" alt=\"\">\n\t\t\t\t\t\t<\/a>\n\t\t\t\t\t\t\n\t\t\t\t\t<\/div><!-- featured-image-wrap -->\n\t\t\t\t<\/div><!-- col-lg-6 col-md-6 col-sm-5 col-xs-5 -->\n\t\t\t\t\n\t\t\t\t<div class=\"col-lg-6 col-md-6 col-sm-7 col-xs-7\">\n\t\t\t\t\t<article>\n\t\t\t\t\t\t\n\t\t\t\t\t\t<h2 itemprop=\"headline\" class=\"post-title\">\n\t\t\t\t\t\t\t<a itemprop=\"url\" href=\"https:\/\/www.firstcisl.it\/2026\/04\/piattaforma-ccnl-credito-le-assemblee-delle-lavoratrici-e-dei-lavoratori-dal-4-maggio-al-10-luglio\/\">Piattaforma Ccnl Credito: le Assemblee delle lavoratrici e dei lavoratori dal 4 maggio al 10 luglio<\/a>\n\t\t\t\t\t\t<\/h2>\n\t\t\t\t\t\t\n\t\t\t\t\t\t<ul class=\"list-inline post-meta\">\n\t\t\t\t\t\t\t\n                        <li class=\"post-date\" datetime=\"28 Aprile 2026\" itemprop=\"datePublished\">\n\n                    <a href=\"https:\/\/www.firstcisl.it\/2026\/04\/\">\n                                                    <span><i\n                                    class=\"fa fa-calendar-o\"><\/i> 28 Aprile 2026<\/span>\n                                                                    <\/a>\n                <\/li>\n            \n        \n        \t\t\t\t\t\t<\/ul><!-- .post-meta -->\n\n\t\t\t\t\t\t<div class=\"post-content post-small-content\"  itemprop=\"articleBody\">\n\t\t\t\t\t\t\t<p>\n\t\t\t\t\t\t\t\tDi seguito il comunicato unitario alle strutture da parte delle Segreterie&hellip; <a class=\"continue-reading\" href=\"https:\/\/www.firstcisl.it\/2026\/04\/piattaforma-ccnl-credito-le-assemblee-delle-lavoratrici-e-dei-lavoratori-dal-4-maggio-al-10-luglio\/\">&nbsp; <i class=\"fa fa-angle-double-right\"><\/i><\/a>\t\t\t\t\t\t\t<\/p>\n\t\t\t\t\t\t<\/div><!-- post-content -->\n\n\t\t\t\t\t<\/article><!-- .module-6-post -->\n\t\t\t\t<\/div><!-- col-lg-6 col-md-6 col-sm-7 col-xs-7 -->\n\t\t\t<\/div><!-- .row -->\n\n\t\t\n\t\t\t\t\t\n\t\t\t\n\t\t\t<div class=\"row post-58644 post type-post status-publish format-video has-post-thumbnail hentry category-il-valore-delle-idee category-in-evidenza tag-25-aprile tag-cisl tag-daniela-fumarola tag-liberazione post_format-post-format-video\" itemscope itemtype=\"https:\/\/schema.org\/Article\">\n\t\t\t\t\n\t\t\t\t\t\t\t\t<div class=\"col-lg-6 col-md-6 col-sm-5 col-xs-5\">\n\t\t\t\t\t<div class=\"featured-image-wrap\">\n\t\t\t\t\t\t<div class=\"post-type-icon\"><i class=\"fa fa-video-camera\"><\/i><\/div>\t\t\t\t\t\t\n\t\t\t\t\t\t<a href=\"https:\/\/www.firstcisl.it\/2026\/04\/25-aprile-fumarola-non-ce-democrazia-solida-senza-lavoro-dignitoso-giuste-retribuzioni-sicurezza-e-prospettive\/\" title=\"25 aprile, Fumarola: non c\u2019\u00e8 democrazia solida senza lavoro dignitoso, giuste retribuzioni, sicurezza e prospettive\">\n\t\t\t\t\t\t\t<img loading=\"lazy\" decoding=\"async\" itemprop=\"image\" class=\"featured-image\" width=\"370\" height=\"277\" src=\"https:\/\/www.firstcisl.it\/piemontevalledaosta\/wp-content\/uploads\/2026\/04\/Cisl_25aprile2026-370x277.jpeg\" alt=\"\">\n\t\t\t\t\t\t<\/a>\n\t\t\t\t\t\t\n\t\t\t\t\t<\/div><!-- featured-image-wrap -->\n\t\t\t\t<\/div><!-- col-lg-6 col-md-6 col-sm-5 col-xs-5 -->\n\t\t\t\t\n\t\t\t\t<div class=\"col-lg-6 col-md-6 col-sm-7 col-xs-7\">\n\t\t\t\t\t<article>\n\t\t\t\t\t\t\n\t\t\t\t\t\t<h2 itemprop=\"headline\" class=\"post-title\">\n\t\t\t\t\t\t\t<a itemprop=\"url\" href=\"https:\/\/www.firstcisl.it\/2026\/04\/25-aprile-fumarola-non-ce-democrazia-solida-senza-lavoro-dignitoso-giuste-retribuzioni-sicurezza-e-prospettive\/\">25 aprile, Fumarola: non c\u2019\u00e8 democrazia solida senza lavoro dignitoso, giuste retribuzioni, sicurezza e prospettive<\/a>\n\t\t\t\t\t\t<\/h2>\n\t\t\t\t\t\t\n\t\t\t\t\t\t<ul class=\"list-inline post-meta\">\n\t\t\t\t\t\t\t\n                        <li class=\"post-date\" datetime=\"25 Aprile 2026\" itemprop=\"datePublished\">\n\n                    <a href=\"https:\/\/www.firstcisl.it\/2026\/04\/\">\n                                                    <span><i\n                                    class=\"fa fa-calendar-o\"><\/i> 25 Aprile 2026<\/span>\n                                                                    <\/a>\n                <\/li>\n            \n        \n        \t\t\t\t\t\t<\/ul><!-- .post-meta -->\n\n\t\t\t\t\t\t<div class=\"post-content post-small-content\"  itemprop=\"articleBody\">\n\t\t\t\t\t\t\t<p>\n\t\t\t\t\t\t\t\t\u00abCi sono parole che attraversano il tempo senza perdere significato. Libert\u00e0,&hellip; <a class=\"continue-reading\" href=\"https:\/\/www.firstcisl.it\/2026\/04\/25-aprile-fumarola-non-ce-democrazia-solida-senza-lavoro-dignitoso-giuste-retribuzioni-sicurezza-e-prospettive\/\">&nbsp; <i class=\"fa fa-angle-double-right\"><\/i><\/a>\t\t\t\t\t\t\t<\/p>\n\t\t\t\t\t\t<\/div><!-- post-content -->\n\n\t\t\t\t\t<\/article><!-- .module-6-post -->\n\t\t\t\t<\/div><!-- col-lg-6 col-md-6 col-sm-7 col-xs-7 -->\n\t\t\t<\/div><!-- .row -->\n\n\t\t\n\t\t\t\t\t\n\t<\/div><!-- .module-6 -->\n    \n\n\t[\/vc_column][\/vc_row][vc_row][vc_column]\r\n\r\n\t<div class=\"module-5 module-5-three-cols  module\" >\r\n\r\n\t\t\r\n\r\n\t\t<div class=\"row\">\r\n\r\n\t\t\t\r\n\t\t\t\t<div class=\"col-lg-4 col-md-4 col-sm-6 col-xs-12 post-2042 post type-post status-publish format-standard has-post-thumbnail hentry category-senza-categoria\" itemscope itemtype=\"https:\/\/schema.org\/Article\">\r\n\r\n\t\t\t\t\t\t\t\t\t\t<div class=\"featured-image-wrap\">\r\n\t\t\t\t\t\t\r\n\t\t\t\t\t\t<div class=\"category-label\"><a class=\"cat-color-1\" href=\"https:\/\/www.firstcisl.it\/piemontevalledaosta\/category\/senza-categoria\/\">Senza categoria<\/a><\/div>\r\n\r\n\t\t\t\t\t\t<a href=\"https:\/\/www.firstcisl.it\/piemontevalledaosta\/2026\/02\/03\/desertificazione-bancaria-da-nord-a-sud-anche-la-stampa-locale-rilancia-il-report-first-cisl-altri-516-sportelli-chiusi-e-5-milioni-di-italiani-senza-servizi-bancari\/\">\r\n\t\t\t\t\t\t\t\t\t\t\t\t\t<img loading=\"lazy\" decoding=\"async\" itemprop=\"image\" class=\"featured-image\" width=\"370\" height=\"208\" src=\"https:\/\/www.firstcisl.it\/piemontevalledaosta\/wp-content\/uploads\/sites\/40\/2026\/02\/osservatorio-desertificazione-rassegna-stampa-regionale-02022026-1024x576-1-370x208.jpg\" alt=\"\">\r\n\t\t\t\t\t\t<\/a>\r\n\r\n\t\t\t\t\t<\/div><!-- featured-image-wrap -->\r\n\t\t\t\t\t\r\n\t\t\t\t\t<article>\r\n\t\t\t\t\t\t<h2 itemprop=\"headline\" class=\"post-title module-small-title\"><a itemprop=\"url\" href=\"https:\/\/www.firstcisl.it\/piemontevalledaosta\/2026\/02\/03\/desertificazione-bancaria-da-nord-a-sud-anche-la-stampa-locale-rilancia-il-report-first-cisl-altri-516-sportelli-chiusi-e-5-milioni-di-italiani-senza-servizi-bancari\/\">Desertificazione bancaria, da nord a sud anche la stampa locale rilancia il report First Cisl: altri 516 sportelli chiusi e 5 milioni di italiani senza servizi bancari<\/a><\/h2>\r\n\r\n\t\t\t\t\t\t<ul class=\"list-inline post-meta\">\r\n\t\t\t\t\t\t\t\n        \n        \n        \t\t\t\t\t\t<\/ul><!-- .post-meta -->\r\n\r\n\t\t\t\t\t\t\t\t\t\t\t\t<div class=\"post-content post-small-content\" itemprop=\"articleBody\"><p>A pochi giorni dalla pubblicazione del\u00a015\u00b0 report sulla desertificazione bancaria, elaborato dalla Fondazione Fiba di First Cisl, oltre&hellip; <a class=\"continue-reading\" href=\"https:\/\/www.firstcisl.it\/piemontevalledaosta\/2026\/02\/03\/desertificazione-bancaria-da-nord-a-sud-anche-la-stampa-locale-rilancia-il-report-first-cisl-altri-516-sportelli-chiusi-e-5-milioni-di-italiani-senza-servizi-bancari\/\">&nbsp; <i class=\"fa fa-angle-double-right\"><\/i><\/a><\/p><\/div><!-- post-content -->\r\n\t\t\t\t\t\t\r\n\t\t\t\t\t<\/article><!-- .module-5-post -->\r\n\t\t\t\t<\/div><!-- col-lg-6 col-md-6 col-sm-12 col-xs-12 -->\r\n\r\n\r\n\t\t\t\t\r\n\t\t\t\t<div class=\"col-lg-4 col-md-4 col-sm-6 col-xs-12 post-2033 post type-post status-publish format-standard has-post-thumbnail hentry category-il-valore-delle-idee category-in-primo-piano\" itemscope itemtype=\"https:\/\/schema.org\/Article\">\r\n\r\n\t\t\t\t\t\t\t\t\t\t<div class=\"featured-image-wrap\">\r\n\t\t\t\t\t\t\r\n\t\t\t\t\t\t<div class=\"category-label\"><a class=\"cat-color-18\" href=\"https:\/\/www.firstcisl.it\/piemontevalledaosta\/category\/il-valore-delle-idee\/\">Il valore delle idee<\/a><a class=\"cat-color-4\" href=\"https:\/\/www.firstcisl.it\/piemontevalledaosta\/category\/in-primo-piano\/\">In primo piano<\/a><\/div>\r\n\r\n\t\t\t\t\t\t<a href=\"https:\/\/www.firstcisl.it\/piemontevalledaosta\/2025\/12\/03\/consiglio-macroregione-first-cisl\/\">\r\n\t\t\t\t\t\t\t\t\t\t\t\t\t<img loading=\"lazy\" decoding=\"async\" itemprop=\"image\" class=\"featured-image\" width=\"370\" height=\"208\" src=\"https:\/\/www.firstcisl.it\/piemontevalledaosta\/wp-content\/uploads\/sites\/40\/2025\/12\/PXL_20251202_090805329-1-370x208.jpg\" alt=\"\">\r\n\t\t\t\t\t\t<\/a>\r\n\r\n\t\t\t\t\t<\/div><!-- featured-image-wrap -->\r\n\t\t\t\t\t\r\n\t\t\t\t\t<article>\r\n\t\t\t\t\t\t<h2 itemprop=\"headline\" class=\"post-title module-small-title\"><a itemprop=\"url\" href=\"https:\/\/www.firstcisl.it\/piemontevalledaosta\/2025\/12\/03\/consiglio-macroregione-first-cisl\/\">Consiglio Macroregione First CISL<\/a><\/h2>\r\n\r\n\t\t\t\t\t\t<ul class=\"list-inline post-meta\">\r\n\t\t\t\t\t\t\t\n        \n        \n        \t\t\t\t\t\t<\/ul><!-- .post-meta -->\r\n\r\n\t\t\t\t\t\t\t\t\t\t\t\t<div class=\"post-content post-small-content\" itemprop=\"articleBody\"><p>Il Consiglio della Macroregione First CISL si \u00e8 aperto con un ordine del giorno dal forte valore civile e sindacale: il richiamo al rispetto&hellip; <a class=\"continue-reading\" href=\"https:\/\/www.firstcisl.it\/piemontevalledaosta\/2025\/12\/03\/consiglio-macroregione-first-cisl\/\">&nbsp; <i class=\"fa fa-angle-double-right\"><\/i><\/a><\/p><\/div><!-- post-content -->\r\n\t\t\t\t\t\t\r\n\t\t\t\t\t<\/article><!-- .module-5-post -->\r\n\t\t\t\t<\/div><!-- col-lg-6 col-md-6 col-sm-12 col-xs-12 -->\r\n\r\n\r\n\t\t\t\t\r\n\t\t\t\t<div class=\"col-lg-4 col-md-4 col-sm-6 col-xs-12 post-2019 post type-post status-publish format-standard has-post-thumbnail hentry category-senza-categoria\" itemscope itemtype=\"https:\/\/schema.org\/Article\">\r\n\r\n\t\t\t\t\t\t\t\t\t\t<div class=\"featured-image-wrap\">\r\n\t\t\t\t\t\t\r\n\t\t\t\t\t\t<div class=\"category-label\"><a class=\"cat-color-1\" href=\"https:\/\/www.firstcisl.it\/piemontevalledaosta\/category\/senza-categoria\/\">Senza categoria<\/a><\/div>\r\n\r\n\t\t\t\t\t\t<a href=\"https:\/\/www.firstcisl.it\/piemontevalledaosta\/2025\/07\/15\/raggiunto-laccordo-sul-rinnovo-c-i-a-banca-del-piemonte\/\">\r\n\t\t\t\t\t\t\t\t\t\t\t\t\t<img loading=\"lazy\" decoding=\"async\" itemprop=\"image\" class=\"featured-image\" width=\"370\" height=\"208\" src=\"https:\/\/www.firstcisl.it\/piemontevalledaosta\/wp-content\/uploads\/sites\/40\/2025\/07\/Immagine-WhatsApp-2025-07-10-ore-09.41.46_412ef12a-1-370x208.jpg\" alt=\"\">\r\n\t\t\t\t\t\t<\/a>\r\n\r\n\t\t\t\t\t<\/div><!-- featured-image-wrap -->\r\n\t\t\t\t\t\r\n\t\t\t\t\t<article>\r\n\t\t\t\t\t\t<h2 itemprop=\"headline\" class=\"post-title module-small-title\"><a itemprop=\"url\" href=\"https:\/\/www.firstcisl.it\/piemontevalledaosta\/2025\/07\/15\/raggiunto-laccordo-sul-rinnovo-c-i-a-banca-del-piemonte\/\">Raggiunto l\u2019accordo sul Rinnovo C.I.A. Banca del Piemonte<\/a><\/h2>\r\n\r\n\t\t\t\t\t\t<ul class=\"list-inline post-meta\">\r\n\t\t\t\t\t\t\t\n        \n        \n        \t\t\t\t\t\t<\/ul><!-- .post-meta -->\r\n\r\n\t\t\t\t\t\t\t\t\t\t\t\t<div class=\"post-content post-small-content\" itemprop=\"articleBody\"><p>Nella serata del 2 Luglio si \u00e8 conclusa la trattativa aziendale sulla Piattaforma di Rivendicazione Sindacale presentata all\u2019Azienda ad inizio&hellip; <a class=\"continue-reading\" href=\"https:\/\/www.firstcisl.it\/piemontevalledaosta\/2025\/07\/15\/raggiunto-laccordo-sul-rinnovo-c-i-a-banca-del-piemonte\/\">&nbsp; <i class=\"fa fa-angle-double-right\"><\/i><\/a><\/p><\/div><!-- post-content -->\r\n\t\t\t\t\t\t\r\n\t\t\t\t\t<\/article><!-- .module-5-post -->\r\n\t\t\t\t<\/div><!-- col-lg-6 col-md-6 col-sm-12 col-xs-12 -->\r\n\r\n\r\n\t\t\t\t\r\n\t\t\t\t<div class=\"col-lg-4 col-md-4 col-sm-6 col-xs-12 post-2013 post type-post status-publish format-video has-post-thumbnail hentry category-in-primo-piano category-media tag-desertificazione-bancaria tag-piemonte tag-tgr-piemonte post_format-post-format-video\" itemscope itemtype=\"https:\/\/schema.org\/Article\">\r\n\r\n\t\t\t\t\t\t\t\t\t\t<div class=\"featured-image-wrap\">\r\n\t\t\t\t\t\t<div class=\"post-type-icon\"><i class=\"fa fa-video-camera\"><\/i><\/div>\r\n\t\t\t\t\t\t<div class=\"category-label\"><a class=\"cat-color-4\" href=\"https:\/\/www.firstcisl.it\/piemontevalledaosta\/category\/in-primo-piano\/\">In primo piano<\/a><a class=\"cat-color-66\" href=\"https:\/\/www.firstcisl.it\/piemontevalledaosta\/category\/media\/\">Media<\/a><\/div>\r\n\r\n\t\t\t\t\t\t<a href=\"https:\/\/www.firstcisl.it\/piemontevalledaosta\/2025\/05\/08\/desertificazione-bancaria-in-piemonte-lanalisi-first-cisl-al-tgr\/\">\r\n\t\t\t\t\t\t\t\t\t\t\t\t\t<img loading=\"lazy\" decoding=\"async\" itemprop=\"image\" class=\"featured-image\" width=\"370\" height=\"208\" src=\"https:\/\/www.firstcisl.it\/piemontevalledaosta\/wp-content\/uploads\/sites\/40\/2025\/05\/Tgr_Piemonte_20250505_desertificazione_banner-370x208.jpg\" alt=\"\">\r\n\t\t\t\t\t\t<\/a>\r\n\r\n\t\t\t\t\t<\/div><!-- featured-image-wrap -->\r\n\t\t\t\t\t\r\n\t\t\t\t\t<article>\r\n\t\t\t\t\t\t<h2 itemprop=\"headline\" class=\"post-title module-small-title\"><a itemprop=\"url\" href=\"https:\/\/www.firstcisl.it\/piemontevalledaosta\/2025\/05\/08\/desertificazione-bancaria-in-piemonte-lanalisi-first-cisl-al-tgr\/\">Desertificazione bancaria in Piemonte, l\u2019analisi First Cisl al Tgr<\/a><\/h2>\r\n\r\n\t\t\t\t\t\t<ul class=\"list-inline post-meta\">\r\n\t\t\t\t\t\t\t\n        \n        \n        \t\t\t\t\t\t<\/ul><!-- .post-meta -->\r\n\r\n\t\t\t\t\t\t\t\t\t\t\t\t<div class=\"post-content post-small-content\" itemprop=\"articleBody\"><p>Con oltre il 60% dei comuni senza sportello, il Piemonte \u00e8 la quarta regione pi\u00f9 desertificata in Italia. Rispetto a dieci anni fa \u00e8 raddoppiato&hellip; <a class=\"continue-reading\" href=\"https:\/\/www.firstcisl.it\/piemontevalledaosta\/2025\/05\/08\/desertificazione-bancaria-in-piemonte-lanalisi-first-cisl-al-tgr\/\">&nbsp; <i class=\"fa fa-angle-double-right\"><\/i><\/a><\/p><\/div><!-- post-content -->\r\n\t\t\t\t\t\t\r\n\t\t\t\t\t<\/article><!-- .module-5-post -->\r\n\t\t\t\t<\/div><!-- col-lg-6 col-md-6 col-sm-12 col-xs-12 -->\r\n\r\n\r\n\t\t\t\t\r\n\t\t\t\t<div class=\"col-lg-4 col-md-4 col-sm-6 col-xs-12 post-1924 post type-post status-publish format-standard has-post-thumbnail hentry category-in-primo-piano tag-bruno-ronsivalle tag-carlo-donofrio tag-congresso tag-domenico-iodice tag-luca-caretti tag-luca-mellano tag-riccardo-colombani tag-sandro-testa tag-vilma-marrone\" itemscope itemtype=\"https:\/\/schema.org\/Article\">\r\n\r\n\t\t\t\t\t\t\t\t\t\t<div class=\"featured-image-wrap\">\r\n\t\t\t\t\t\t\r\n\t\t\t\t\t\t<div class=\"category-label\"><a class=\"cat-color-4\" href=\"https:\/\/www.firstcisl.it\/piemontevalledaosta\/category\/in-primo-piano\/\">In primo piano<\/a><\/div>\r\n\r\n\t\t\t\t\t\t<a href=\"https:\/\/www.firstcisl.it\/piemontevalledaosta\/2025\/04\/10\/congresso-first-cisl-piemonte-valle-daosta-luca-mellano-e-il-nuovo-segretario-generale-con-lui-viviana-pertusio-e-roberto-serra\/\">\r\n\t\t\t\t\t\t\t\t\t\t\t\t\t<img loading=\"lazy\" decoding=\"async\" itemprop=\"image\" class=\"featured-image\" width=\"370\" height=\"208\" src=\"https:\/\/www.firstcisl.it\/piemontevalledaosta\/wp-content\/uploads\/sites\/40\/2025\/04\/3_Congresso_Piemonte_Val_d_Aosta_073-370x208.jpeg\" alt=\"\">\r\n\t\t\t\t\t\t<\/a>\r\n\r\n\t\t\t\t\t<\/div><!-- featured-image-wrap -->\r\n\t\t\t\t\t\r\n\t\t\t\t\t<article>\r\n\t\t\t\t\t\t<h2 itemprop=\"headline\" class=\"post-title module-small-title\"><a itemprop=\"url\" href=\"https:\/\/www.firstcisl.it\/piemontevalledaosta\/2025\/04\/10\/congresso-first-cisl-piemonte-valle-daosta-luca-mellano-e-il-nuovo-segretario-generale-con-lui-viviana-pertusio-e-roberto-serra\/\">Congresso First Cisl Piemonte Valle d\u2019Aosta: Luca Mellano \u00e8 il nuovo segretario generale. Con lui Viviana Pertusio e Roberto Serra<\/a><\/h2>\r\n\r\n\t\t\t\t\t\t<ul class=\"list-inline post-meta\">\r\n\t\t\t\t\t\t\t\n        \n        \n        \t\t\t\t\t\t<\/ul><!-- .post-meta -->\r\n\r\n\t\t\t\t\t\t\t\t\t\t\t\t<div class=\"post-content post-small-content\" itemprop=\"articleBody\"><p>Il 9 e 10 aprile 2025 si \u00e8 svolto a Torino il 3\u00b0 Congresso di First Cisl Piemonte Valle d\u2019Aosta. Durante l\u2019importante evento Sandro Testa ha&hellip; <a class=\"continue-reading\" href=\"https:\/\/www.firstcisl.it\/piemontevalledaosta\/2025\/04\/10\/congresso-first-cisl-piemonte-valle-daosta-luca-mellano-e-il-nuovo-segretario-generale-con-lui-viviana-pertusio-e-roberto-serra\/\">&nbsp; <i class=\"fa fa-angle-double-right\"><\/i><\/a><\/p><\/div><!-- post-content -->\r\n\t\t\t\t\t\t\r\n\t\t\t\t\t<\/article><!-- .module-5-post -->\r\n\t\t\t\t<\/div><!-- col-lg-6 col-md-6 col-sm-12 col-xs-12 -->\r\n\r\n\r\n\t\t\t\t\r\n\t\t\t\t<div class=\"col-lg-4 col-md-4 col-sm-6 col-xs-12 post-1918 post type-post status-publish format-standard has-post-thumbnail hentry category-senza-categoria\" itemscope itemtype=\"https:\/\/schema.org\/Article\">\r\n\r\n\t\t\t\t\t\t\t\t\t\t<div class=\"featured-image-wrap\">\r\n\t\t\t\t\t\t\r\n\t\t\t\t\t\t<div class=\"category-label\"><a class=\"cat-color-1\" href=\"https:\/\/www.firstcisl.it\/piemontevalledaosta\/category\/senza-categoria\/\">Senza categoria<\/a><\/div>\r\n\r\n\t\t\t\t\t\t<a href=\"https:\/\/www.firstcisl.it\/piemontevalledaosta\/2025\/03\/08\/festa-della-donna-o-giornata-internazionale-della-donna\/\">\r\n\t\t\t\t\t\t\t\t\t\t\t\t\t<img loading=\"lazy\" decoding=\"async\" itemprop=\"image\" class=\"featured-image\" width=\"370\" height=\"208\" src=\"https:\/\/www.firstcisl.it\/piemontevalledaosta\/wp-content\/uploads\/sites\/40\/2025\/03\/482063233_1067687148736692_1797878473140509906_n-370x208.jpg\" alt=\"\">\r\n\t\t\t\t\t\t<\/a>\r\n\r\n\t\t\t\t\t<\/div><!-- featured-image-wrap -->\r\n\t\t\t\t\t\r\n\t\t\t\t\t<article>\r\n\t\t\t\t\t\t<h2 itemprop=\"headline\" class=\"post-title module-small-title\"><a itemprop=\"url\" href=\"https:\/\/www.firstcisl.it\/piemontevalledaosta\/2025\/03\/08\/festa-della-donna-o-giornata-internazionale-della-donna\/\">\u2018Festa della Donna\u2019 o \u2018Giornata Internazionale della Donna\u2019<\/a><\/h2>\r\n\r\n\t\t\t\t\t\t<ul class=\"list-inline post-meta\">\r\n\t\t\t\t\t\t\t\n        \n        \n        \t\t\t\t\t\t<\/ul><!-- .post-meta -->\r\n\r\n\t\t\t\t\t\t\t\t\t\t\t\t<div class=\"post-content post-small-content\" itemprop=\"articleBody\"><p>\u2018Festa della Donna\u2019 o \u2018Giornata Internazionale della Donna\u2019, la data dell\u20198 marzo si associa a immagini di mazzi di mimose e divertenti&hellip; <a class=\"continue-reading\" href=\"https:\/\/www.firstcisl.it\/piemontevalledaosta\/2025\/03\/08\/festa-della-donna-o-giornata-internazionale-della-donna\/\">&nbsp; <i class=\"fa fa-angle-double-right\"><\/i><\/a><\/p><\/div><!-- post-content -->\r\n\t\t\t\t\t\t\r\n\t\t\t\t\t<\/article><!-- .module-5-post -->\r\n\t\t\t\t<\/div><!-- col-lg-6 col-md-6 col-sm-12 col-xs-12 -->\r\n\r\n\r\n\t\t\t\t\r\n\t\t<\/div><!-- .row -->\r\n\t<\/div><!-- .module-5 -->\r\n\r\n\r\n\t[\/vc_column][\/vc_row][vc_row][vc_column][vc_btn title=&#8221;Tutte le Notizie&#8221; style=&#8221;flat&#8221; shape=&#8221;square&#8221; size=&#8221;lg&#8221; align=&#8221;right&#8221; link=&#8221;url:%20https%3A%2F%2Fwww.firstcisl.it%2Fpiemontevalledaosta%2Fnotizie%2F||target:%20_blank|&#8221;][\/vc_column][\/vc_row][vc_row equal_height=&#8221;yes&#8221; el_class=&#8221;visual-links&#8221;][vc_column width=&#8221;1\/4&#8243; offset=&#8221;vc_col-xs-6&#8243;][vc_btn title=&#8221;&#8221; style=&#8221;custom&#8221; custom_background=&#8221;&#8221; custom_text=&#8221;#666666&#8243; shape=&#8221;square&#8221; size=&#8221;lg&#8221; align=&#8221;center&#8221; button_block=&#8221;true&#8221; link=&#8221;url:https%3A%2F%2Fwww.firstcisl.it%2Fpiemontevalledaosta%2Fchi-siamo%2F||target:%20_blank|&#8221; css=&#8221;.vc_custom_1494321633251{background-image: url(https:\/\/www.firstcisl.it\/piemontevalledaosta\/wp-content\/uploads\/sites\/40\/2017\/02\/Chi-siamo.jpg?id=209) !important;background-position: center !important;background-repeat: no-repeat !important;background-size: cover !important;}&#8221;][\/vc_column][vc_column width=&#8221;1\/4&#8243; offset=&#8221;vc_col-xs-6&#8243;][vc_btn title=&#8221;&#8221; style=&#8221;custom&#8221; custom_background=&#8221;&#8221; custom_text=&#8221;#ededed&#8221; shape=&#8221;square&#8221; size=&#8221;lg&#8221; align=&#8221;center&#8221; button_block=&#8221;true&#8221; link=&#8221;url:https%3A%2F%2Fwww.firstcisl.it%2Fpiemontevalledaosta%2Fdalle-aziende%2F||target:%20_blank|&#8221; css=&#8221;.vc_custom_1494408309289{background-image: url(https:\/\/www.firstcisl.it\/piemontevalledaosta\/wp-content\/uploads\/sites\/40\/2017\/02\/Dalle-aziende.jpg?id=495) !important;background-position: center !important;background-repeat: no-repeat !important;background-size: cover !important;}&#8221;][\/vc_column][vc_column width=&#8221;1\/4&#8243; offset=&#8221;vc_col-xs-6&#8243;][vc_btn title=&#8221;&#8221; style=&#8221;custom&#8221; custom_background=&#8221;&#8221; custom_text=&#8221;#ededed&#8221; shape=&#8221;square&#8221; size=&#8221;lg&#8221; align=&#8221;center&#8221; button_block=&#8221;true&#8221; link=&#8221;url:https%3A%2F%2Fwww.firstcisl.it%2Fpiemontevalledaosta%2Fterritori-2%2F||target:%20_blank|&#8221; css=&#8221;.vc_custom_1494942482789{background-image: url(https:\/\/www.firstcisl.it\/piemontevalledaosta\/wp-content\/uploads\/sites\/40\/2017\/03\/Territori.jpg?id=290) !important;background-position: center !important;background-repeat: no-repeat !important;background-size: cover !important;}&#8221;][\/vc_column][vc_column width=&#8221;1\/4&#8243; offset=&#8221;vc_col-xs-6&#8243;][vc_btn title=&#8221;&#8221; style=&#8221;custom&#8221; custom_background=&#8221;&#8221; custom_text=&#8221;#ededed&#8221; shape=&#8221;square&#8221; size=&#8221;lg&#8221; align=&#8221;center&#8221; button_block=&#8221;true&#8221; link=&#8221;url:https%3A%2F%2Fwww.firstcisl.it%2Fpiemontevalledaosta%2Fhome%2Fesodati-2%2F||target:%20_blank|&#8221; css=&#8221;.vc_custom_1542295319692{background-image: url(https:\/\/www.firstcisl.it\/piemontevalledaosta\/wp-content\/uploads\/sites\/40\/2018\/11\/Esodati-2.jpg?id=1327) !important;background-position: center !important;background-repeat: no-repeat !important;background-size: cover !important;}&#8221;][\/vc_column][\/vc_row][vc_row equal_height=&#8221;yes&#8221; el_class=&#8221;visual-links&#8221;][vc_column width=&#8221;1\/4&#8243; offset=&#8221;vc_col-xs-6&#8243;][vc_btn title=&#8221;&#8221; style=&#8221;custom&#8221; custom_background=&#8221;&#8221; custom_text=&#8221;#ededed&#8221; shape=&#8221;square&#8221; size=&#8221;lg&#8221; align=&#8221;center&#8221; button_block=&#8221;true&#8221; link=&#8221;url:https%3A%2F%2Fwww.firstcisl.it%2Fpiemontevalledaosta%2Fhome%2Fpillole-regionali-2%2F||target:%20_blank|&#8221; css=&#8221;.vc_custom_1542280079587{background-image: url(https:\/\/www.firstcisl.it\/piemontevalledaosta\/wp-content\/uploads\/sites\/40\/2018\/11\/Pillole-regionali-3.jpg?id=1312) !important;background-position: center !important;background-repeat: no-repeat !important;background-size: cover !important;}&#8221;][\/vc_column][vc_column width=&#8221;1\/4&#8243; offset=&#8221;vc_col-xs-6&#8243;][vc_btn title=&#8221;&#8221; style=&#8221;custom&#8221; custom_background=&#8221;&#8221; custom_text=&#8221;#ededed&#8221; shape=&#8221;square&#8221; size=&#8221;lg&#8221; align=&#8221;center&#8221; button_block=&#8221;true&#8221; link=&#8221;url:https%3A%2F%2Fwww.firstcisl.it%2Fpiemontevalledaosta%2Fhome%2Fcaf-e-patronato-2%2F||target:%20_blank|&#8221; css=&#8221;.vc_custom_1495114681903{background-image: url(https:\/\/www.firstcisl.it\/piemontevalledaosta\/wp-content\/uploads\/sites\/40\/2017\/05\/CAF-e-PATRONATO.jpg?id=529) !important;background-position: center !important;background-repeat: no-repeat !important;background-size: cover !important;}&#8221;][\/vc_column][vc_column width=&#8221;1\/4&#8243; offset=&#8221;vc_col-xs-6&#8243;][vc_btn title=&#8221;&#8221; style=&#8221;custom&#8221; custom_background=&#8221;&#8221; custom_text=&#8221;#ededed&#8221; shape=&#8221;square&#8221; size=&#8221;lg&#8221; align=&#8221;center&#8221; button_block=&#8221;true&#8221; link=&#8221;url:https%3A%2F%2Fwww.firstcisl.it%2Fpiemontevalledaosta%2Fhome%2Fconvenzioni-2%2F||target:%20_blank|&#8221; css=&#8221;.vc_custom_1510133879700{background-image: url(https:\/\/www.firstcisl.it\/piemontevalledaosta\/wp-content\/uploads\/sites\/40\/2017\/02\/Convenzioni.jpg?id=185) !important;background-position: center !important;background-repeat: no-repeat !important;background-size: cover !important;}&#8221;][\/vc_column][vc_column width=&#8221;1\/4&#8243; offset=&#8221;vc_col-xs-6&#8243;][vc_btn title=&#8221;&#8221; style=&#8221;custom&#8221; custom_background=&#8221;&#8221; custom_text=&#8221;#ededed&#8221; shape=&#8221;square&#8221; size=&#8221;lg&#8221; align=&#8221;center&#8221; button_block=&#8221;true&#8221; link=&#8221;url:https%3A%2F%2Fwww.firstcisl.it%2Fpiemontevalledaosta%2Fhome%2Fsocial%2F||target:%20_blank|&#8221; css=&#8221;.vc_custom_1541589524145{background-image: url(https:\/\/www.firstcisl.it\/piemontevalledaosta\/wp-content\/uploads\/sites\/40\/2018\/11\/Social.jpg?id=1296) !important;background-position: center !important;background-repeat: no-repeat !important;background-size: cover !important;}&#8221;][\/vc_column][\/vc_row][vc_section full_width=&#8221;stretch_row&#8221; el_class=&#8221;visual-links&#8221; css=&#8221;.vc_custom_1678266456943{background-color: #eeeeee !important;}&#8221;][vc_row css=&#8221;.vc_custom_1487959209652{padding-top: 0px !important;padding-right: 0px !important;padding-bottom: 0px !important;padding-left: 0px !important;}&#8221; el_class=&#8221;visual-links&#8221;][vc_column width=&#8221;1\/6&#8243; offset=&#8221;vc_col-xs-6&#8243;][vc_btn title=&#8221;&#8221; style=&#8221;custom&#8221; custom_background=&#8221;&#8221; custom_text=&#8221;#ededed&#8221; shape=&#8221;square&#8221; size=&#8221;lg&#8221; align=&#8221;center&#8221; button_block=&#8221;true&#8221; link=&#8221;url:https%3A%2F%2Fwww.firstcisl.it%2Fiscriviti%2F|target:_blank&#8221; css=&#8221;.vc_custom_1678264815310{background-image: url(https:\/\/www.firstcisl.it\/basilicata\/wp-content\/uploads\/sites\/80\/2017\/02\/Iscriviti.jpg?id=1202) !important;background-position: center !important;background-repeat: no-repeat !important;background-size: cover !important;}&#8221;][\/vc_column][vc_column width=&#8221;1\/6&#8243; offset=&#8221;vc_col-xs-6&#8243;][vc_btn title=&#8221;&#8221; style=&#8221;custom&#8221; custom_background=&#8221;&#8221; custom_text=&#8221;#ededed&#8221; shape=&#8221;square&#8221; size=&#8221;lg&#8221; align=&#8221;center&#8221; button_block=&#8221;true&#8221; link=&#8221;url:https%3A%2F%2Fwww.firstcisl.it%2Faree-tematiche%2Fcomunicazione%2Fpubblicazioni%2F|target:_blank&#8221; css=&#8221;.vc_custom_1678264847064{background-image: url(https:\/\/www.firstcisl.it\/basilicata\/wp-content\/uploads\/sites\/80\/2023\/02\/Approfondimenti_pubblicazioni_nazionali_box.jpg?id=2577) !important;background-position: center !important;background-repeat: no-repeat !important;background-size: cover !important;}&#8221;][\/vc_column][vc_column width=&#8221;1\/6&#8243; offset=&#8221;vc_col-xs-6&#8243;][vc_btn title=&#8221;&#8221; style=&#8221;custom&#8221; custom_background=&#8221;&#8221; custom_text=&#8221;#ededed&#8221; shape=&#8221;square&#8221; size=&#8221;lg&#8221; align=&#8221;center&#8221; button_block=&#8221;true&#8221; link=&#8221;url:https%3A%2F%2Faletheiastore.it%2Fpolizze-professionali%2F|target:_blank&#8221; css=&#8221;.vc_custom_1764592818995{background-image: url(https:\/\/www.firstcisl.it\/piemontevalledaosta\/wp-content\/uploads\/sites\/40\/2025\/12\/Polizze_Aletheia_2026_box.jpg?id=2030) !important;background-position: center !important;background-repeat: no-repeat !important;background-size: cover !important;}&#8221;][\/vc_column][vc_column width=&#8221;1\/6&#8243; offset=&#8221;vc_col-xs-6&#8243;][vc_btn title=&#8221;&#8221; style=&#8221;custom&#8221; custom_background=&#8221;&#8221; custom_text=&#8221;#ededed&#8221; shape=&#8221;square&#8221; size=&#8221;lg&#8221; align=&#8221;center&#8221; button_block=&#8221;true&#8221; link=&#8221;url:https%3A%2F%2Faletheiastore.it|target:_blank&#8221; css=&#8221;.vc_custom_1678264921560{background-image: url(https:\/\/www.firstcisl.it\/basilicata\/wp-content\/uploads\/sites\/80\/2017\/02\/Prodotti-e-servizi.jpg?id=501) !important;background-position: center !important;background-repeat: no-repeat !important;background-size: cover !important;}&#8221;][\/vc_column][vc_column width=&#8221;1\/6&#8243; offset=&#8221;vc_col-xs-6&#8243;][vc_btn title=&#8221;&#8221; style=&#8221;custom&#8221; custom_background=&#8221;&#8221; custom_text=&#8221;#ededed&#8221; shape=&#8221;square&#8221; size=&#8221;lg&#8221; align=&#8221;center&#8221; button_block=&#8221;true&#8221; link=&#8221;url:https%3A%2F%2Fwww.firstcisl.it%2Faree-tematiche%2Fsalute-e-sicurezza%2F|target:_blank&#8221; css=&#8221;.vc_custom_1678264955392{background-image: url(https:\/\/www.firstcisl.it\/basilicata\/wp-content\/uploads\/sites\/80\/2017\/02\/Salute-e-sicurezza.jpg?id=502) !important;background-position: center !important;background-repeat: no-repeat !important;background-size: cover !important;}&#8221;][\/vc_column][vc_column width=&#8221;1\/6&#8243; offset=&#8221;vc_col-xs-6&#8243;][vc_btn title=&#8221;&#8221; style=&#8221;custom&#8221; custom_background=&#8221;&#8221; custom_text=&#8221;#ededed&#8221; shape=&#8221;square&#8221; size=&#8221;lg&#8221; align=&#8221;center&#8221; button_block=&#8221;true&#8221; link=&#8221;url:https%3A%2F%2Fwww.firstcisl.it%2Faree-tematiche%2Flegale%2F|target:_blank&#8221; css=&#8221;.vc_custom_1678264998464{background-image: url(https:\/\/www.firstcisl.it\/basilicata\/wp-content\/uploads\/sites\/80\/2023\/02\/Legale_box.jpg?id=2638) !important;background-position: center !important;background-repeat: no-repeat !important;background-size: cover !important;}&#8221;][\/vc_column][\/vc_row][vc_row css=&#8221;.vc_custom_1678266691831{margin-top: -20px !important;padding-top: 0px !important;padding-right: 0px !important;padding-bottom: 0px !important;padding-left: 0px !important;}&#8221;][vc_column width=&#8221;1\/6&#8243; offset=&#8221;vc_col-xs-6&#8243;][vc_btn title=&#8221;&#8221; style=&#8221;custom&#8221; custom_background=&#8221;&#8221; custom_text=&#8221;#ededed&#8221; shape=&#8221;square&#8221; size=&#8221;lg&#8221; align=&#8221;center&#8221; button_block=&#8221;true&#8221; link=&#8221;url:https%3A%2F%2Fwww.firstcisl.it%2Faree-tematiche%2Fdonne-e-politiche-di-parita-e-di-genere%2F|target:_blank&#8221; css=&#8221;.vc_custom_1678265083541{background-image: url(https:\/\/www.firstcisl.it\/basilicata\/wp-content\/uploads\/sites\/80\/2023\/02\/Donne_box.jpg?id=2641) !important;background-position: center !important;background-repeat: no-repeat !important;background-size: cover !important;}&#8221;][\/vc_column][vc_column width=&#8221;1\/6&#8243; offset=&#8221;vc_col-xs-6&#8243;][vc_btn title=&#8221;&#8221; style=&#8221;custom&#8221; custom_background=&#8221;&#8221; custom_text=&#8221;#ededed&#8221; shape=&#8221;square&#8221; size=&#8221;lg&#8221; align=&#8221;center&#8221; button_block=&#8221;true&#8221; link=&#8221;url:https%3A%2F%2Fwww.firstcisl.it%2Fdirigenti-e-alte-professionalita%2F|target:_blank&#8221; css=&#8221;.vc_custom_1678265121271{background-image: url(https:\/\/www.firstcisl.it\/basilicata\/wp-content\/uploads\/sites\/80\/2023\/02\/Dirigenti_e_Alte_professionalita_box.jpg?id=2644) !important;background-position: center !important;background-repeat: no-repeat !important;background-size: cover !important;}&#8221;][\/vc_column][vc_column width=&#8221;1\/6&#8243; offset=&#8221;vc_col-xs-6&#8243;][vc_btn title=&#8221;&#8221; style=&#8221;custom&#8221; custom_background=&#8221;&#8221; custom_text=&#8221;#ededed&#8221; shape=&#8221;square&#8221; size=&#8221;lg&#8221; align=&#8221;center&#8221; button_block=&#8221;true&#8221; link=&#8221;url:https%3A%2F%2Fwww.firstcisl.it%2Faree-contrattuali%2Fesofirst%2F|target:_blank&#8221; css=&#8221;.vc_custom_1678265146819{background-image: url(https:\/\/www.firstcisl.it\/basilicata\/wp-content\/uploads\/sites\/80\/2017\/02\/Esodati.jpg?id=203) !important;background-position: center !important;background-repeat: no-repeat !important;background-size: cover !important;}&#8221;][\/vc_column][vc_column width=&#8221;1\/6&#8243; offset=&#8221;vc_col-xs-6&#8243;][vc_btn title=&#8221;&#8221; style=&#8221;custom&#8221; custom_background=&#8221;&#8221; custom_text=&#8221;#ededed&#8221; shape=&#8221;square&#8221; size=&#8221;lg&#8221; align=&#8221;center&#8221; button_block=&#8221;true&#8221; link=&#8221;url:https%3A%2F%2Fwww.firstcisl.it%2Faree-contrattuali%2F|target:_blank&#8221; css=&#8221;.vc_custom_1678265179108{background-image: url(https:\/\/www.firstcisl.it\/basilicata\/wp-content\/uploads\/sites\/80\/2023\/02\/Aree_contrattuali_box.jpg?id=2579) !important;background-position: center !important;background-repeat: no-repeat !important;background-size: cover !important;}&#8221;][\/vc_column][vc_column width=&#8221;1\/6&#8243; offset=&#8221;vc_col-xs-6&#8243;][vc_btn title=&#8221;&#8221; style=&#8221;custom&#8221; custom_background=&#8221;&#8221; custom_text=&#8221;#ededed&#8221; shape=&#8221;square&#8221; size=&#8221;lg&#8221; align=&#8221;center&#8221; button_block=&#8221;true&#8221; link=&#8221;url:https%3A%2F%2Fwww.firstcisl.it%2Fosservatorio-desertificazione-bancaria%2Fregione-piemonte%2F|target:_blank&#8221; css=&#8221;.vc_custom_1679328076041{background-image: url(https:\/\/www.firstcisl.it\/basilicata\/wp-content\/uploads\/sites\/80\/2023\/02\/Osservatorio_desertificazione_bancaria_box.jpg?id=2575) !important;background-position: center !important;background-repeat: no-repeat !important;background-size: cover !important;}&#8221;][\/vc_column][vc_column width=&#8221;1\/6&#8243; offset=&#8221;vc_col-xs-6&#8243;][vc_btn title=&#8221;&#8221; style=&#8221;custom&#8221; custom_background=&#8221;&#8221; custom_text=&#8221;#ededed&#8221; shape=&#8221;square&#8221; size=&#8221;lg&#8221; align=&#8221;center&#8221; button_block=&#8221;true&#8221; css=&#8221;.vc_custom_1708533769549{background-image: url(https:\/\/www.firstcisl.it\/basilicata\/wp-content\/uploads\/sites\/80\/2023\/02\/First_Social_Life_box.jpg?id=2653) !important;background-position: center !important;background-repeat: no-repeat !important;background-size: cover !important;}&#8221;][\/vc_column][\/vc_row][\/vc_section]<\/p>\n<div class=\"gsp_post_data\" \r\n\t            data-post_type=\"page\" \r\n\t            data-cat=\"\" \r\n\t            data-modified=\"120\"\r\n\t            data-created=\"1488218614\"\r\n\t            data-title=\"HOME\" \r\n\t            data-home=\"https:\/\/www.firstcisl.it\/piemontevalledaosta\"><\/div><\/section>","protected":false},"excerpt":{"rendered":"<p>[vc_row full_width=&#8221;stretch_row&#8221; equal_height=&#8221;yes&#8221;][vc_column width=&#8221;1\/2&#8243; offset=&#8221;vc_col-md-8&#8243; css=&#8221;.vc_custom_1510568228444{background-image: url(https:\/\/www.firstcisl.it\/piemontevalledaosta\/wp-content\/uploads\/sites\/40\/2017\/02\/Piemonte_VdA2.jpg?id=1227) !important;background-position: center !important;background-repeat: no-repeat !important;background-size: cover !important;}&#8221; el_class=&#8221;home-hero&#8221;][\/vc_column][vc_column width=&#8221;1\/2&#8243; css=&#8221;.vc_custom_1487954832873{background-color: #eeeeee !important;}&#8221; el_class=&#8221;notizie-nazionale&#8221; offset=&#8221;vc_col-md-4&#8243;][vc_custom_heading text=&#8221;News nazionali&#8221; font_container=&#8221;tag:h3|text_align:left&#8221; google_fonts=&#8221;font_family:Open%20Sans%3A300%2C300italic%2Cregular%2Citalic%2C600%2C600italic%2C700%2C700italic%2C800%2C800italic|font_style:600%20bold%20regular%3A600%3Anormal&#8221; css=&#8221;.vc_custom_1486037011626{margin-top: 10px !important;margin-right: 10px !important;margin-bottom: 10px !important;margin-left: 10px !important;}&#8221; link=&#8221;|||&#8221;][\/vc_column][\/vc_row][vc_row][vc_column][\/vc_column][\/vc_row][vc_row][vc_column][vc_btn title=&#8221;Tutte le Notizie&#8221; style=&#8221;flat&#8221; shape=&#8221;square&#8221; size=&#8221;lg&#8221; align=&#8221;right&#8221; link=&#8221;url:%20https%3A%2F%2Fwww.firstcisl.it%2Fpiemontevalledaosta%2Fnotizie%2F||target:%20_blank|&#8221;][\/vc_column][\/vc_row][vc_row equal_height=&#8221;yes&#8221; el_class=&#8221;visual-links&#8221;][vc_column width=&#8221;1\/4&#8243; offset=&#8221;vc_col-xs-6&#8243;][vc_btn title=&#8221;&#8221; style=&#8221;custom&#8221; custom_background=&#8221;&#8221; custom_text=&#8221;#666666&#8243; shape=&#8221;square&#8221; size=&#8221;lg&#8221; align=&#8221;center&#8221; button_block=&#8221;true&#8221; [&hellip;]<\/p>\n","protected":false},"author":1,"featured_media":0,"parent":0,"menu_order":-999,"comment_status":"closed","ping_status":"closed","template":"template\/tpl-vc-blank.php","meta":{"footnotes":""},"class_list":["post-16","page","type-page","status-publish","hentry"],"_links":{"self":[{"href":"https:\/\/www.firstcisl.it\/piemontevalledaosta\/wp-json\/wp\/v2\/pages\/16","targetHints":{"allow":["GET"]}}],"collection":[{"href":"https:\/\/www.firstcisl.it\/piemontevalledaosta\/wp-json\/wp\/v2\/pages"}],"about":[{"href":"https:\/\/www.firstcisl.it\/piemontevalledaosta\/wp-json\/wp\/v2\/types\/page"}],"author":[{"embeddable":true,"href":"https:\/\/www.firstcisl.it\/piemontevalledaosta\/wp-json\/wp\/v2\/users\/1"}],"replies":[{"embeddable":true,"href":"https:\/\/www.firstcisl.it\/piemontevalledaosta\/wp-json\/wp\/v2\/comments?post=16"}],"version-history":[{"count":74,"href":"https:\/\/www.firstcisl.it\/piemontevalledaosta\/wp-json\/wp\/v2\/pages\/16\/revisions"}],"predecessor-version":[{"id":2031,"href":"https:\/\/www.firstcisl.it\/piemontevalledaosta\/wp-json\/wp\/v2\/pages\/16\/revisions\/2031"}],"wp:attachment":[{"href":"https:\/\/www.firstcisl.it\/piemontevalledaosta\/wp-json\/wp\/v2\/media?parent=16"}],"curies":[{"name":"wp","href":"https:\/\/api.w.org\/{rel}","templated":true}]}}