{"id":4,"date":"2017-02-02T17:02:09","date_gmt":"2017-02-02T16:02:09","guid":{"rendered":"http:\/\/www.firstcisl.it\/lombardia\/?page_id=4"},"modified":"2026-03-17T14:56:58","modified_gmt":"2026-03-17T13:56:58","slug":"chi-siamo","status":"publish","type":"page","link":"https:\/\/www.firstcisl.it\/lombardia\/home\/chi-siamo\/","title":{"rendered":"Chi siamo"},"content":{"rendered":"<section class=\"wpb-content-wrapper\"><p>[vc_row][vc_column][vc_column_text]First Cisl \u2013 Federazione Italiana Reti dei Servizi Terziario \u2013 \u00e8 il sindacato di categoria dei lavoratori della banche, delle assicurazioni, della finanza, della riscossione e delle authority della CISL nato dall\u2019unione di due grandi\u00a0 organizzazioni sindacali, Fiba Cisl e DirCredito.<\/p>\n<p>Un\u2019unione di esperienze che ha rafforzato la capacit\u00e0 di rappresentare, valorizzare e assistere con competenza tutte le professionalit\u00e0 presenti in azienda, comprese quelle dirigenziali.<\/p>\n<p>Le nostra societ\u00e0 sta affrontando tre grandi sfide, in un contesto internazionale sempre pi\u00f9 complesso e imprevedibile: la sfida demografica, quella digitale e quella ambientale. Di riflesso anche il mondo del lavoro \u00e8 in continuo mutamento, sempre pi\u00f9 persone, in particolare le pi\u00f9 giovani, attribuiscono grande valore a dimensioni non meramente retributive, la qualit\u00e0 del lavoro, la possibilit\u00e0 di conciliare tempi di vita e di lavoro e di riconoscersi in quello che fanno.<br \/>\nL\u2019elevato turnover di giovani, fenomeno finora sconosciuto nei nostri settori, \u00e8 un segnale che non va sottovalutato e ridotto a una dimensione statisticamente poco significativa, ma evidenzia le tante criticit\u00e0 ancora irrisolte o le opportunit\u00e0 non ancora colte.<br \/>\nLa diffusione di sistemi legati all\u2019intelligenza artificiale sta determinando la trasformazione di molte attivit\u00e0 lavorative e professioni e dovrebbe rappresentare un\u2019opportunit\u00e0 di miglioramento dei processi per garantire la centralit\u00e0 della Persona, non un potenziale rischio di sostituzione delle persone con processi automatizzati e digitali.<\/p>\n<p>Queste nuove sfide richiedono nuove risposte da parte delle aziende e impegna tutti gli attori a ripensare l\u2019azienda in un\u2019ottica di comunit\u00e0 di persone, il cui centro non deve essere la figura dell\u2019azionista a cui garantire sempre maggiori dividendi, ma l\u2019azienda stessa, con le sue persone, come parte integrante di una societ\u00e0 in cui opera con responsabilit\u00e0 sociale e al cui sviluppo contribuisce. Non \u00e8 utopia, \u00e8 un<br \/>\nobiettivo da perseguire, anche a passi piccoli, ma progressivi, attraverso la diffusione di una nuova cultura d\u2019impresa, nuovi equilibri e sistemi di welfare, nuove modalit\u00e0 redistributive anche in un\u2019ottica partecipativa. Il quadro legislativo in materia \u00e8 chiaro e ben definito, sono state tipizzate diverse modalit\u00e0\u00a0 partecipative, volontariamente adottabili ed adattabili in azienda attraverso la contrattazione, con diversi livelli di intensit\u00e0 ed efficacia, volti a superare lo storico dualismo basato sul solo conflitto tra capitale e lavoro.<\/p>\n<p>First Cisl Lombardia, oltre a garantire le tradizionali tutele sindacali, individuali e collettive, all\u2019offerta di un ricco sistema integrato di servizi, alla rappresentanza sindacale nei luoghi di lavoro e in azienda, \u00e8 impegnata a valorizzare la centralit\u00e0 della Persona. Riteniamo centrale la tutela dell\u2019integrit\u00e0 psicofisica e della dignit\u00e0 del lavoratore, la qualit\u00e0 della vita lavorativa, la necessit\u00e0 di continui processi di formazione per adattare ai mutati contesti le professionalit\u00e0 che, troppo spesso, nei<br \/>\nprocessi di aggregazione e riorganizzazione, non vengono adeguatamente valorizzate e rischiano di disperdere anche patrimoni di conoscenza.<\/p>\n<p>Un impegno quotidiano che si realizza grazie allo straordinario lavoro di tanti uomini e donne che con caparbiet\u00e0, competenza, valori, lavorano per rendere migliori i luoghi di lavoro e la nostra societ\u00e0.<\/p>\n<p>\u201cIl modo in cui pensiamo al domani, influenza ci\u00f2 che facciamo oggi\u201d[\/vc_column_text][\/vc_column][\/vc_row][vc_row][vc_column width=&#8221;1\/2&#8243;][vc_single_image image=&#8221;6559&#8243; img_size=&#8221;large&#8221; title=&#8221;La Segreteria&#8221;][vc_column_text]<strong>Andrea Battistini<\/strong><br \/>\nsegretario generale<\/p>\n<p><strong>Maria Assunta Bonfanti<\/strong><br \/>\nsegretario amministrativo e organizzativo<\/p>\n<p><strong>Giovannibattista Comini<\/strong><br \/>\nsegretario<\/p>\n<p>&nbsp;<\/p>\n<p><a href=\"https:\/\/www.firstcisl.it\/lombardia\/wp-content\/uploads\/sites\/6\/2025\/05\/DELEGHE-FIRST-LOMBARDIA-2025.pdf\"><strong>Deleghe di Segreteria<\/strong><\/a><\/p>\n<p><a href=\"https:\/\/www.firstcisl.it\/lombardia\/wp-content\/uploads\/sites\/6\/2026\/03\/2025-CONSIGLIO-REGIONALE-02-261.pdf\"><strong>Vedi componenti Consiglio Regionale<\/strong><\/a><br \/>\n<a href=\"https:\/\/www.firstcisl.it\/lombardia\/wp-content\/uploads\/sites\/6\/2026\/01\/ESECUTIVO-REGIONALE.pdf\"><strong>Vedi componenti Esecutivo Regionale<\/strong><\/a><br \/>\n<a href=\"https:\/\/www.firstcisl.it\/lombardia\/wp-content\/uploads\/sites\/6\/2025\/05\/SINDACI-REGIONALE.pdf\"><strong>Vedi componenti Collegio Sindacale<\/strong><\/a>[\/vc_column_text][\/vc_column][\/vc_row][vc_row][vc_column width=&#8221;1\/3&#8243;][vc_column_text]<a href=\"https:\/\/www.firstcisl.it\/lombardia\/wp-content\/uploads\/sites\/6\/2017\/04\/01_CODICE-ETICO-CISL.pdf\" target=\"_blank\" rel=\"noopener noreferrer\">Codice Etico<\/a><\/p>\n<p><a href=\"https:\/\/www.firstcisl.it\/lombardia\/wp-content\/uploads\/sites\/6\/2022\/03\/2022-Statuto-FIRST-CISL-Lombardia.pdf\">Statuto First Cisl Lombardia<\/a><\/p>\n<p><a href=\"http:\/\/archivio.firstcisl.it\/reg\/178\/documenti\/rendiconatazione-sociale-2017-cisl-lombardia\">Rendicontazione Sociale<\/a><\/p>\n<p><a href=\"https:\/\/www.firstcisl.it\/lombardia\/wp-content\/uploads\/sites\/6\/2025\/05\/Mozione-finale-Congresso-First-Cisl-Lombardia-1.pdf\">2025_04_03 Mozione conclusiva 3\u00b0 Congresso First Cisl Lombardia<\/a>[\/vc_column_text][\/vc_column][vc_column width=&#8221;1\/3&#8243;][vc_column_text]<strong>Bilancio 2026<\/strong><br \/>\n<a href=\"https:\/\/www.firstcisl.it\/lombardia\/wp-content\/uploads\/sites\/6\/2026\/03\/2026_BILANCIO-PREVENTIVO-CONSIGLIO.pdf\">Bilancio preventivo 2026<\/a><\/p>\n<p><strong>Bilancio 2025<\/strong><br \/>\n<a href=\"https:\/\/www.firstcisl.it\/lombardia\/wp-content\/uploads\/sites\/6\/2026\/03\/2025_BILANCIO-CONSUNTIVO-CONSIGLIO.pdf\">Bilancio consuntivo 2025<\/a><br \/>\n<a href=\"https:\/\/www.firstcisl.it\/lombardia\/wp-content\/uploads\/sites\/6\/2026\/03\/2025-BILANCIO-PATRIMONIALE.pdf\">Stato patrimoniale 2025<\/a><\/p>\n<p><strong>Bilancio 2024<\/strong><br \/>\n<a href=\"https:\/\/www.firstcisl.it\/lombardia\/wp-content\/uploads\/sites\/6\/2025\/05\/2024-BILANCIO-CONSUNTIVO-CONSIGLIO-GENERALE.pdf\">Bilancio consuntivo 2024<\/a><br \/>\n<a href=\"https:\/\/www.firstcisl.it\/lombardia\/wp-content\/uploads\/sites\/6\/2025\/05\/2024-BILANCIO-PATRIMONIALE.pdf\">Stato Patrimoniale 2024<\/a>[\/vc_column_text][\/vc_column][vc_column width=&#8221;1\/3&#8243;][vc_column_text]<strong>Redditi Quadro C Segretari<\/strong><\/p>\n<p><a href=\"https:\/\/www.firstcisl.it\/lombardia\/wp-content\/uploads\/sites\/6\/2025\/05\/battistini-730.pdf\" target=\"_blank\" rel=\"noopener\">Battistini<\/a> &#8211; Quadro C 730\/2025 Redditi 2024<br \/>\n<a href=\"https:\/\/www.firstcisl.it\/lombardia\/wp-content\/uploads\/sites\/6\/2026\/01\/QUADRO-C-COMINI.pdf\" target=\"_blank\" rel=\"noopener\">Comini<\/a> &#8211; Quadro C 730\/2025 Redditi 2024<br \/>\n<a href=\"https:\/\/www.firstcisl.it\/lombardia\/wp-content\/uploads\/sites\/6\/2026\/01\/Screenshot-2026-01-26-152507.png\" target=\"_blank\" rel=\"noopener\">Bonfanti <\/a>&#8211; CU 730\/2025 redditi 2024[\/vc_column_text][\/vc_column][\/vc_row][vc_row][vc_column][vc_column_text]<\/p>\n<h2 style=\"text-align: center\"><span style=\"color: #008000\"><strong>Dipartimenti &#8211; Coordinamenti &#8211; Referenti<\/strong><\/span><\/h2>\n<p><span style=\"color: #008000\"><strong>Dipartimento amministrativo<\/strong><\/span><br \/>\nGaetano Soresini<br \/>\nGiovanni Salvoldi<br \/>\nStefano Flematti<\/p>\n<p><strong><span style=\"color: #008000\">Dipartimento organizzativo<\/span><\/strong><br \/>\nClaudio Martini<br \/>\nCristian Grandi<br \/>\nGiancarlo Parisi<br \/>\nGiordano Alessi<br \/>\nMarco Cervasio<br \/>\nMassimo Beretta<br \/>\nPaolo Muroni<br \/>\nRossella Iannone<br \/>\nStefano Bortolin<\/p>\n<p><span style=\"color: #008000\"><strong>Formazione e ricerca<\/strong><\/span><br \/>\nCristiana Giustizieri \u2013 responsabile<br \/>\nLuisa Limonta<br \/>\nFrancesca Rizzi<\/p>\n<p><strong><span style=\"color: #008000\">Coordinamento Assicurativo e Appalto<\/span><\/strong><br \/>\nGiovannibattista Comini\u2013 responsabile<br \/>\nAlfredo Camilli<br \/>\nRoberto Daelli<br \/>\nSusanna Romani<\/p>\n<p><span style=\"color: #008000\"><strong>Informazione e comunicazione<\/strong><\/span><br \/>\nSilvio Brocchieri \u2013 responsabile<br \/>\nCristiana Giustizieri<\/p>\n<p><span style=\"color: #008000\"><strong>Referente delle Alte Professionalit\u00e0<\/strong><\/span><br \/>\nPaolo Martin<\/p>\n<p><strong><span style=\"color: #008000\">Referente esodati<\/span><\/strong><br \/>\nMarcello Minora<\/p>\n<p><strong><span style=\"color: #008000\">Referenti regionali credito cooperativo<\/span><\/strong><br \/>\nLuisa Coltro \u2013 gruppo ICCREA<br \/>\nAndrea Di Noia \u2013 gruppo CCB<\/p>\n<p><span style=\"color: #008000\"><strong>Donne e Politiche di Parit\u00e0 e di Genere<\/strong><\/span><br \/>\nNicol Lovazzano \u2013 responsabile<br \/>\nFrancesca Pacione<br \/>\nGesy Di Pasquale<br \/>\nLoredana Fischetti<br \/>\nPaola Bottazzi<br \/>\nPaola Piovanelli<br \/>\nPatrizia Trovesi<br \/>\nRoberta Ferrari<br \/>\nSilvia Patrini<br \/>\nSusanna Romani<br \/>\nValeria Siniscalchi[\/vc_column_text][\/vc_column][\/vc_row][vc_row][vc_column][vc_column_text]<\/p>\n<h2>Dpo \u2013 Responsabile della protezione dei dati personali<\/h2>\n<p>nominativo: Lombardia Servizi Srl<br \/>\ne-mail: <a href=\"mailto:dpo.usr.lombardia@cisl.it\" target=\"_blank\" rel=\"noopener\">dpo.usr.lombardia@cisl.it<\/a><br \/>\nPec: <a href=\"mailto:donato.brandolini@pec.it\" target=\"_blank\" rel=\"noopener\">donato.brandolini@pec.it<\/a><br \/>\ntel. 02 8935 5249<br \/>\nreferente: Donato Brandolini<\/p>\n<p><strong>TITOLARE<\/strong><br \/>\ndenominazione: First Lombardia<br \/>\ncodice fiscale: 97002860159<br \/>\nindirizzo: Via A. Tadino 19a \u2013 20124 Milano<br \/>\ne-mail: <a href=\"mailto:lombardia@firstcisl.it\" target=\"_blank\" rel=\"noopener\">lombardia@firstcisl.it<\/a><br \/>\nPec: <a href=\"mailto:firstcisllombardia@pec-legal.it\">firstcisllombardia@pec-legal.it<\/a><br \/>\nsito web: <a href=\"https:\/\/www.firstcisl.it\/lombardia\/\" target=\"_blank\" rel=\"noopener\">https:\/\/www.firstcisl.it\/lombardia\/<\/a>[\/vc_column_text][\/vc_column][\/vc_row][vc_row][vc_column][vc_btn title=&#8221;Territori&#8221; color=&#8221;primary&#8221; link=&#8221;url:https%3A%2F%2Fwww.firstcisl.it%2Flombardia%2Fhome-unicredit%2Fterritori-2%2F&#8221; css=&#8221;.vc_custom_1770119652547{background-image: url(https:\/\/www.firstcisl.it\/lombardia\/wp-content\/uploads\/sites\/6\/2017\/03\/Territori.jpg?id=290) !important;}&#8221;][\/vc_column][\/vc_row]<\/p>\n<div class=\"gsp_post_data\" \r\n\t            data-post_type=\"page\" \r\n\t            data-cat=\"\" \r\n\t            data-modified=\"120\"\r\n\t            data-created=\"1486054929\"\r\n\t            data-title=\"Chi siamo\" \r\n\t            data-home=\"https:\/\/www.firstcisl.it\/lombardia\"><\/div><\/section>","protected":false},"excerpt":{"rendered":"<p>[vc_row][vc_column][vc_column_text]First Cisl \u2013 Federazione Italiana Reti dei Servizi Terziario \u2013 \u00e8 il sindacato di categoria dei lavoratori della banche, delle assicurazioni, della finanza, della riscossione e delle authority della CISL nato dall\u2019unione di due grandi\u00a0 organizzazioni sindacali, Fiba Cisl e DirCredito. Un\u2019unione di esperienze che ha rafforzato la capacit\u00e0 di rappresentare, valorizzare e assistere con [&hellip;]<\/p>\n","protected":false},"author":1,"featured_media":0,"parent":16,"menu_order":0,"comment_status":"closed","ping_status":"closed","template":"","meta":{"footnotes":""},"class_list":["post-4","page","type-page","status-publish","hentry"],"_links":{"self":[{"href":"https:\/\/www.firstcisl.it\/lombardia\/wp-json\/wp\/v2\/pages\/4","targetHints":{"allow":["GET"]}}],"collection":[{"href":"https:\/\/www.firstcisl.it\/lombardia\/wp-json\/wp\/v2\/pages"}],"about":[{"href":"https:\/\/www.firstcisl.it\/lombardia\/wp-json\/wp\/v2\/types\/page"}],"author":[{"embeddable":true,"href":"https:\/\/www.firstcisl.it\/lombardia\/wp-json\/wp\/v2\/users\/1"}],"replies":[{"embeddable":true,"href":"https:\/\/www.firstcisl.it\/lombardia\/wp-json\/wp\/v2\/comments?post=4"}],"version-history":[{"count":131,"href":"https:\/\/www.firstcisl.it\/lombardia\/wp-json\/wp\/v2\/pages\/4\/revisions"}],"predecessor-version":[{"id":6729,"href":"https:\/\/www.firstcisl.it\/lombardia\/wp-json\/wp\/v2\/pages\/4\/revisions\/6729"}],"up":[{"embeddable":true,"href":"https:\/\/www.firstcisl.it\/lombardia\/wp-json\/wp\/v2\/pages\/16"}],"wp:attachment":[{"href":"https:\/\/www.firstcisl.it\/lombardia\/wp-json\/wp\/v2\/media?parent=4"}],"curies":[{"name":"wp","href":"https:\/\/api.w.org\/{rel}","templated":true}]}}