{"id":16,"date":"2017-02-27T18:03:34","date_gmt":"2017-02-27T17:03:34","guid":{"rendered":"http:\/\/www.firstcisl.it\/bancadiasti\/?page_id=16"},"modified":"2025-12-01T09:43:58","modified_gmt":"2025-12-01T08:43:58","slug":"home","status":"publish","type":"page","link":"https:\/\/www.firstcisl.it\/bancadiasti\/","title":{"rendered":"HOME"},"content":{"rendered":"<section class=\"wpb-content-wrapper\"><p>[vc_row full_width=&#8221;stretch_row&#8221; equal_height=&#8221;yes&#8221;][vc_column width=&#8221;1\/2&#8243; offset=&#8221;vc_col-md-8&#8243; css=&#8221;.vc_custom_1539250372720{background-image: url(https:\/\/www.firstcisl.it\/bancadiasti\/wp-content\/uploads\/sites\/49\/2018\/10\/BancaAsti.jpg?id=841) !important;background-position: center !important;background-repeat: no-repeat !important;background-size: cover !important;}&#8221; el_class=&#8221;home-hero&#8221;][\/vc_column][vc_column width=&#8221;1\/2&#8243; css=&#8221;.vc_custom_1487954832873{background-color: #eeeeee !important;}&#8221; el_class=&#8221;notizie-nazionale&#8221; offset=&#8221;vc_col-md-4&#8243;][vc_custom_heading text=&#8221;News nazionali&#8221; font_container=&#8221;tag:h3|text_align:left&#8221; google_fonts=&#8221;font_family:Open%20Sans%3A300%2C300italic%2Cregular%2Citalic%2C600%2C600italic%2C700%2C700italic%2C800%2C800italic|font_style:600%20bold%20regular%3A600%3Anormal&#8221; css=&#8221;.vc_custom_1486037011626{margin-top: 10px !important;margin-right: 10px !important;margin-bottom: 10px !important;margin-left: 10px !important;}&#8221; link=&#8221;|||&#8221;]\t\n\n\t<div class=\"module-6 module\" >\n\t\t\n\n\t\t\t\n\t\t\t\t\t\n\t\t\t\n\t\t\t<div class=\"row post-58644 post type-post status-publish format-video has-post-thumbnail hentry category-il-valore-delle-idee category-in-evidenza tag-25-aprile tag-cisl tag-daniela-fumarola tag-liberazione post_format-post-format-video\" itemscope itemtype=\"https:\/\/schema.org\/Article\">\n\t\t\t\t\n\t\t\t\t\t\t\t\t<div class=\"col-lg-6 col-md-6 col-sm-5 col-xs-5\">\n\t\t\t\t\t<div class=\"featured-image-wrap\">\n\t\t\t\t\t\t<div class=\"post-type-icon\"><i class=\"fa fa-video-camera\"><\/i><\/div>\t\t\t\t\t\t\n\t\t\t\t\t\t<a href=\"https:\/\/www.firstcisl.it\/2026\/04\/25-aprile-fumarola-non-ce-democrazia-solida-senza-lavoro-dignitoso-giuste-retribuzioni-sicurezza-e-prospettive\/\" title=\"25 aprile, Fumarola: non c\u2019\u00e8 democrazia solida senza lavoro dignitoso, giuste retribuzioni, sicurezza e prospettive\">\n\t\t\t\t\t\t\t<img loading=\"lazy\" decoding=\"async\" itemprop=\"image\" class=\"featured-image\" width=\"370\" height=\"277\" src=\"https:\/\/www.firstcisl.it\/bancadiasti\/wp-content\/uploads\/2026\/04\/Cisl_25aprile2026-370x277.jpeg\" alt=\"\">\n\t\t\t\t\t\t<\/a>\n\t\t\t\t\t\t\n\t\t\t\t\t<\/div><!-- featured-image-wrap -->\n\t\t\t\t<\/div><!-- col-lg-6 col-md-6 col-sm-5 col-xs-5 -->\n\t\t\t\t\n\t\t\t\t<div class=\"col-lg-6 col-md-6 col-sm-7 col-xs-7\">\n\t\t\t\t\t<article>\n\t\t\t\t\t\t\n\t\t\t\t\t\t<h2 itemprop=\"headline\" class=\"post-title\">\n\t\t\t\t\t\t\t<a itemprop=\"url\" href=\"https:\/\/www.firstcisl.it\/2026\/04\/25-aprile-fumarola-non-ce-democrazia-solida-senza-lavoro-dignitoso-giuste-retribuzioni-sicurezza-e-prospettive\/\">25 aprile, Fumarola: non c\u2019\u00e8 democrazia solida senza lavoro dignitoso, giuste retribuzioni, sicurezza e prospettive<\/a>\n\t\t\t\t\t\t<\/h2>\n\t\t\t\t\t\t\n\t\t\t\t\t\t<ul class=\"list-inline post-meta\">\n\t\t\t\t\t\t\t\n                        <li class=\"post-date\" datetime=\"25 Aprile 2026\" itemprop=\"datePublished\">\n\n                    <a href=\"https:\/\/www.firstcisl.it\/2026\/04\/\">\n                                                    <span><i\n                                    class=\"fa fa-calendar-o\"><\/i> 25 Aprile 2026<\/span>\n                                                                    <\/a>\n                <\/li>\n            \n        \n        \t\t\t\t\t\t<\/ul><!-- .post-meta -->\n\n\t\t\t\t\t\t<div class=\"post-content post-small-content\"  itemprop=\"articleBody\">\n\t\t\t\t\t\t\t<p>\n\t\t\t\t\t\t\t\t\u00abCi sono parole che attraversano il tempo senza perdere significato. Libert\u00e0,&hellip; <a class=\"continue-reading\" href=\"https:\/\/www.firstcisl.it\/2026\/04\/25-aprile-fumarola-non-ce-democrazia-solida-senza-lavoro-dignitoso-giuste-retribuzioni-sicurezza-e-prospettive\/\">&nbsp; <i class=\"fa fa-angle-double-right\"><\/i><\/a>\t\t\t\t\t\t\t<\/p>\n\t\t\t\t\t\t<\/div><!-- post-content -->\n\n\t\t\t\t\t<\/article><!-- .module-6-post -->\n\t\t\t\t<\/div><!-- col-lg-6 col-md-6 col-sm-7 col-xs-7 -->\n\t\t\t<\/div><!-- .row -->\n\n\t\t\n\t\t\t\t\t\n\t\t\t\n\t\t\t<div class=\"row post-58562 post type-post status-publish format-standard has-post-thumbnail hentry category-aziende-e-territori category-in-evidenza tag-banca-del-mezzogiorno tag-banco-bpm tag-bdm-banca tag-comunicati-stampa tag-direttivo-first-cisl-credit-agricole tag-livelli-occupazionali tag-occupazione tag-riccardo-colombani tag-risiko-bancario\" itemscope itemtype=\"https:\/\/schema.org\/Article\">\n\t\t\t\t\n\t\t\t\t\t\t\t\t<div class=\"col-lg-6 col-md-6 col-sm-5 col-xs-5\">\n\t\t\t\t\t<div class=\"featured-image-wrap\">\n\t\t\t\t\t\t\t\t\t\t\t\t\n\t\t\t\t\t\t<a href=\"https:\/\/www.firstcisl.it\/2026\/04\/banca-del-mezzogiorno-colombani-no-allo-spezzatino-con-credit-agricole-reti-di-sportelli-complementari\/\" title=\"Banca del Mezzogiorno, Colombani: no allo spezzatino, con Cr\u00e9dit Agricole reti di sportelli complementari\">\n\t\t\t\t\t\t\t<img loading=\"lazy\" decoding=\"async\" itemprop=\"image\" class=\"featured-image\" width=\"370\" height=\"277\" src=\"https:\/\/www.firstcisl.it\/bancadiasti\/wp-content\/uploads\/2026\/04\/Bdm_Banca_20240421_v3-370x277.jpg\" alt=\"\">\n\t\t\t\t\t\t<\/a>\n\t\t\t\t\t\t\n\t\t\t\t\t<\/div><!-- featured-image-wrap -->\n\t\t\t\t<\/div><!-- col-lg-6 col-md-6 col-sm-5 col-xs-5 -->\n\t\t\t\t\n\t\t\t\t<div class=\"col-lg-6 col-md-6 col-sm-7 col-xs-7\">\n\t\t\t\t\t<article>\n\t\t\t\t\t\t\n\t\t\t\t\t\t<h2 itemprop=\"headline\" class=\"post-title\">\n\t\t\t\t\t\t\t<a itemprop=\"url\" href=\"https:\/\/www.firstcisl.it\/2026\/04\/banca-del-mezzogiorno-colombani-no-allo-spezzatino-con-credit-agricole-reti-di-sportelli-complementari\/\">Banca del Mezzogiorno, Colombani: no allo spezzatino, con Cr\u00e9dit Agricole reti di sportelli complementari<\/a>\n\t\t\t\t\t\t<\/h2>\n\t\t\t\t\t\t\n\t\t\t\t\t\t<ul class=\"list-inline post-meta\">\n\t\t\t\t\t\t\t\n                        <li class=\"post-date\" datetime=\"21 Aprile 2026\" itemprop=\"datePublished\">\n\n                    <a href=\"https:\/\/www.firstcisl.it\/2026\/04\/\">\n                                                    <span><i\n                                    class=\"fa fa-calendar-o\"><\/i> 21 Aprile 2026<\/span>\n                                                                    <\/a>\n                <\/li>\n            \n        \n        \t\t\t\t\t\t<\/ul><!-- .post-meta -->\n\n\t\t\t\t\t\t<div class=\"post-content post-small-content\"  itemprop=\"articleBody\">\n\t\t\t\t\t\t\t<p>\n\t\t\t\t\t\t\t\t\u201cCr\u00e9dit Agricole \u00e8 al centro degli equilibri del sistema bancario italiano.&hellip; <a class=\"continue-reading\" href=\"https:\/\/www.firstcisl.it\/2026\/04\/banca-del-mezzogiorno-colombani-no-allo-spezzatino-con-credit-agricole-reti-di-sportelli-complementari\/\">&nbsp; <i class=\"fa fa-angle-double-right\"><\/i><\/a>\t\t\t\t\t\t\t<\/p>\n\t\t\t\t\t\t<\/div><!-- post-content -->\n\n\t\t\t\t\t<\/article><!-- .module-6-post -->\n\t\t\t\t<\/div><!-- col-lg-6 col-md-6 col-sm-7 col-xs-7 -->\n\t\t\t<\/div><!-- .row -->\n\n\t\t\n\t\t\t\t\t\n\t<\/div><!-- .module-6 -->\n    \n\n\t[\/vc_column][\/vc_row][vc_row][vc_column]\r\n\r\n\t<div class=\"module-5 module-5-three-cols  module\" >\r\n\r\n\t\t\r\n\r\n\t\t<div class=\"row\">\r\n\r\n\t\t\t\r\n\t\t\t\t<div class=\"col-lg-4 col-md-4 col-sm-6 col-xs-12 post-1893 post type-post status-publish format-standard has-post-thumbnail hentry category-il-valore-delle-idee\" itemscope itemtype=\"https:\/\/schema.org\/Article\">\r\n\r\n\t\t\t\t\t\t\t\t\t\t<div class=\"featured-image-wrap\">\r\n\t\t\t\t\t\t\r\n\t\t\t\t\t\t<div class=\"category-label\"><a class=\"cat-color-11\" href=\"https:\/\/www.firstcisl.it\/bancadiasti\/category\/il-valore-delle-idee\/\">Il valore delle idee<\/a><\/div>\r\n\r\n\t\t\t\t\t\t<a href=\"https:\/\/www.firstcisl.it\/bancadiasti\/2025\/12\/24\/auguri-di-buone-feste-dalla-segreteria-first-cisl-banca-di-asti\/\">\r\n\t\t\t\t\t\t\t\t\t\t\t\t\t<img loading=\"lazy\" decoding=\"async\" itemprop=\"image\" class=\"featured-image\" width=\"370\" height=\"208\" src=\"https:\/\/www.firstcisl.it\/bancadiasti\/wp-content\/uploads\/sites\/49\/2025\/12\/IMG-20251224-WA0012-370x208.jpg\" alt=\"\">\r\n\t\t\t\t\t\t<\/a>\r\n\r\n\t\t\t\t\t<\/div><!-- featured-image-wrap -->\r\n\t\t\t\t\t\r\n\t\t\t\t\t<article>\r\n\t\t\t\t\t\t<h2 itemprop=\"headline\" class=\"post-title module-small-title\"><a itemprop=\"url\" href=\"https:\/\/www.firstcisl.it\/bancadiasti\/2025\/12\/24\/auguri-di-buone-feste-dalla-segreteria-first-cisl-banca-di-asti\/\">Auguri di buone feste dalla Segreteria First Cisl Banca di Asti.<\/a><\/h2>\r\n\r\n\t\t\t\t\t\t<ul class=\"list-inline post-meta\">\r\n\t\t\t\t\t\t\t\n        \n        \n        \t\t\t\t\t\t<\/ul><!-- .post-meta -->\r\n\r\n\t\t\t\t\t\t\t\t\t\t\t\t<div class=\"post-content post-small-content\" itemprop=\"articleBody\"><p>Buone feste a tutte le Iscritte e a tutti gli Iscritti First Cisl, con l\u2019auspicio di affrontare il nuovo anno con partecipazione, coesione e&hellip; <a class=\"continue-reading\" href=\"https:\/\/www.firstcisl.it\/bancadiasti\/2025\/12\/24\/auguri-di-buone-feste-dalla-segreteria-first-cisl-banca-di-asti\/\">&nbsp; <i class=\"fa fa-angle-double-right\"><\/i><\/a><\/p><\/div><!-- post-content -->\r\n\t\t\t\t\t\t\r\n\t\t\t\t\t<\/article><!-- .module-5-post -->\r\n\t\t\t\t<\/div><!-- col-lg-6 col-md-6 col-sm-12 col-xs-12 -->\r\n\r\n\r\n\t\t\t\t\r\n\t\t\t\t<div class=\"col-lg-4 col-md-4 col-sm-6 col-xs-12 post-1883 post type-post status-publish format-standard has-post-thumbnail hentry category-polizze-e-servizi\" itemscope itemtype=\"https:\/\/schema.org\/Article\">\r\n\r\n\t\t\t\t\t\t\t\t\t\t<div class=\"featured-image-wrap\">\r\n\t\t\t\t\t\t\r\n\t\t\t\t\t\t<div class=\"category-label\"><a class=\"cat-color-15\" href=\"https:\/\/www.firstcisl.it\/bancadiasti\/category\/polizze-e-servizi\/\">Polizze e servizi<\/a><\/div>\r\n\r\n\t\t\t\t\t\t<a href=\"https:\/\/www.firstcisl.it\/bancadiasti\/2025\/12\/12\/first-cisl-piu-tutele-e-servizi-per-iscritte-e-iscritti-le-convenzioni-e-le-polizze-aletheia-2026\/\">\r\n\t\t\t\t\t\t\t\t\t\t\t\t\t<img loading=\"lazy\" decoding=\"async\" itemprop=\"image\" class=\"featured-image\" width=\"370\" height=\"208\" src=\"https:\/\/www.firstcisl.it\/bancadiasti\/wp-content\/uploads\/sites\/49\/2025\/12\/1000273816-370x208.jpg\" alt=\"\">\r\n\t\t\t\t\t\t<\/a>\r\n\r\n\t\t\t\t\t<\/div><!-- featured-image-wrap -->\r\n\t\t\t\t\t\r\n\t\t\t\t\t<article>\r\n\t\t\t\t\t\t<h2 itemprop=\"headline\" class=\"post-title module-small-title\"><a itemprop=\"url\" href=\"https:\/\/www.firstcisl.it\/bancadiasti\/2025\/12\/12\/first-cisl-piu-tutele-e-servizi-per-iscritte-e-iscritti-le-convenzioni-e-le-polizze-aletheia-2026\/\">First Cisl: pi\u00f9 tutele e servizi per iscritte e iscritti. Le convenzioni e le polizze Aletheia 2026<\/a><\/h2>\r\n\r\n\t\t\t\t\t\t<ul class=\"list-inline post-meta\">\r\n\t\t\t\t\t\t\t\n        \n        \n        \t\t\t\t\t\t<\/ul><!-- .post-meta -->\r\n\r\n\t\t\t\t\t\t\t\t\t\t\t\t<div class=\"post-content post-small-content\" itemprop=\"articleBody\"><p>Anche nel\u00a02026\u00a0First Cisl\u00a0conferma il proprio impegno nel garantire alle iscritte e agli iscritti un sistema di protezioni completo, pensato per&hellip; <a class=\"continue-reading\" href=\"https:\/\/www.firstcisl.it\/bancadiasti\/2025\/12\/12\/first-cisl-piu-tutele-e-servizi-per-iscritte-e-iscritti-le-convenzioni-e-le-polizze-aletheia-2026\/\">&nbsp; <i class=\"fa fa-angle-double-right\"><\/i><\/a><\/p><\/div><!-- post-content -->\r\n\t\t\t\t\t\t\r\n\t\t\t\t\t<\/article><!-- .module-5-post -->\r\n\t\t\t\t<\/div><!-- col-lg-6 col-md-6 col-sm-12 col-xs-12 -->\r\n\r\n\r\n\t\t\t\t\r\n\t\t\t\t<div class=\"col-lg-4 col-md-4 col-sm-6 col-xs-12 post-1867 post type-post status-publish format-standard has-post-thumbnail hentry category-servizi\" itemscope itemtype=\"https:\/\/schema.org\/Article\">\r\n\r\n\t\t\t\t\t\t\t\t\t\t<div class=\"featured-image-wrap\">\r\n\t\t\t\t\t\t\r\n\t\t\t\t\t\t<div class=\"category-label\"><a class=\"cat-color-13\" href=\"https:\/\/www.firstcisl.it\/bancadiasti\/category\/servizi\/\">Servizi<\/a><\/div>\r\n\r\n\t\t\t\t\t\t<a href=\"https:\/\/www.firstcisl.it\/bancadiasti\/2025\/04\/17\/modello-730-campagna-fiscale-2025\/\">\r\n\t\t\t\t\t\t\t\t\t\t\t\t\t<img loading=\"lazy\" decoding=\"async\" itemprop=\"image\" class=\"featured-image\" width=\"370\" height=\"208\" src=\"https:\/\/www.firstcisl.it\/bancadiasti\/wp-content\/uploads\/sites\/49\/2023\/04\/730-370x208.jpg\" alt=\"\">\r\n\t\t\t\t\t\t<\/a>\r\n\r\n\t\t\t\t\t<\/div><!-- featured-image-wrap -->\r\n\t\t\t\t\t\r\n\t\t\t\t\t<article>\r\n\t\t\t\t\t\t<h2 itemprop=\"headline\" class=\"post-title module-small-title\"><a itemprop=\"url\" href=\"https:\/\/www.firstcisl.it\/bancadiasti\/2025\/04\/17\/modello-730-campagna-fiscale-2025\/\">Modello 730 \u2013 Campagna fiscale 2025<\/a><\/h2>\r\n\r\n\t\t\t\t\t\t<ul class=\"list-inline post-meta\">\r\n\t\t\t\t\t\t\t\n        \n        \n        \t\t\t\t\t\t<\/ul><!-- .post-meta -->\r\n\r\n\t\t\t\t\t\t\t\t\t\t\t\t<div class=\"post-content post-small-content\" itemprop=\"articleBody\"><p>E\u2019 possibile prenotare gli appuntamenti tramite il sito\u00a0www.cafcisl.it\u00a0e chiamando direttamente le sedi dei CAF CISL. Anche per il 2025&hellip; <a class=\"continue-reading\" href=\"https:\/\/www.firstcisl.it\/bancadiasti\/2025\/04\/17\/modello-730-campagna-fiscale-2025\/\">&nbsp; <i class=\"fa fa-angle-double-right\"><\/i><\/a><\/p><\/div><!-- post-content -->\r\n\t\t\t\t\t\t\r\n\t\t\t\t\t<\/article><!-- .module-5-post -->\r\n\t\t\t\t<\/div><!-- col-lg-6 col-md-6 col-sm-12 col-xs-12 -->\r\n\r\n\r\n\t\t\t\t\r\n\t\t\t\t<div class=\"col-lg-4 col-md-4 col-sm-6 col-xs-12 post-1862 post type-post status-publish format-standard has-post-thumbnail hentry category-aziende-e-territori\" itemscope itemtype=\"https:\/\/schema.org\/Article\">\r\n\r\n\t\t\t\t\t\t\t\t\t\t<div class=\"featured-image-wrap\">\r\n\t\t\t\t\t\t\r\n\t\t\t\t\t\t<div class=\"category-label\"><a class=\"cat-color-12\" href=\"https:\/\/www.firstcisl.it\/bancadiasti\/category\/aziende-e-territori\/\">Aziende e Territori<\/a><\/div>\r\n\r\n\t\t\t\t\t\t<a href=\"https:\/\/www.firstcisl.it\/bancadiasti\/2025\/04\/17\/congresso-first-cisl-piemonte-valle-daosta-luca-mellano-e-il-nuovo-segretario-generale-con-lui-pertusio-e-serra\/\">\r\n\t\t\t\t\t\t\t\t\t\t\t\t\t<img loading=\"lazy\" decoding=\"async\" itemprop=\"image\" class=\"featured-image\" width=\"370\" height=\"208\" src=\"https:\/\/www.firstcisl.it\/bancadiasti\/wp-content\/uploads\/sites\/49\/2025\/04\/3_Congresso_Piemonte_Val_d_Aosta_073-370x208-1-370x208.jpeg\" alt=\"\">\r\n\t\t\t\t\t\t<\/a>\r\n\r\n\t\t\t\t\t<\/div><!-- featured-image-wrap -->\r\n\t\t\t\t\t\r\n\t\t\t\t\t<article>\r\n\t\t\t\t\t\t<h2 itemprop=\"headline\" class=\"post-title module-small-title\"><a itemprop=\"url\" href=\"https:\/\/www.firstcisl.it\/bancadiasti\/2025\/04\/17\/congresso-first-cisl-piemonte-valle-daosta-luca-mellano-e-il-nuovo-segretario-generale-con-lui-pertusio-e-serra\/\">Congresso First Cisl Piemonte Valle d\u2019Aosta: Luca Mellano \u00e8 il nuovo segretario generale. Con lui Pertusio e Serra<\/a><\/h2>\r\n\r\n\t\t\t\t\t\t<ul class=\"list-inline post-meta\">\r\n\t\t\t\t\t\t\t\n        \n        \n        \t\t\t\t\t\t<\/ul><!-- .post-meta -->\r\n\r\n\t\t\t\t\t\t\t\t\t\t\t\t<div class=\"post-content post-small-content\" itemprop=\"articleBody\"><p>Il 9 e 10 aprile 2025 si \u00e8 svolto a Torino il 3\u00b0 Congresso di\u00a0First Cisl Piemonte Valle d\u2019Aosta. Durante l\u2019importante evento\u00a0Sandro Testa\u00a0ha&hellip; <a class=\"continue-reading\" href=\"https:\/\/www.firstcisl.it\/bancadiasti\/2025\/04\/17\/congresso-first-cisl-piemonte-valle-daosta-luca-mellano-e-il-nuovo-segretario-generale-con-lui-pertusio-e-serra\/\">&nbsp; <i class=\"fa fa-angle-double-right\"><\/i><\/a><\/p><\/div><!-- post-content -->\r\n\t\t\t\t\t\t\r\n\t\t\t\t\t<\/article><!-- .module-5-post -->\r\n\t\t\t\t<\/div><!-- col-lg-6 col-md-6 col-sm-12 col-xs-12 -->\r\n\r\n\r\n\t\t\t\t\r\n\t\t\t\t<div class=\"col-lg-4 col-md-4 col-sm-6 col-xs-12 post-1848 post type-post status-publish format-standard has-post-thumbnail hentry category-aziende-e-territori\" itemscope itemtype=\"https:\/\/schema.org\/Article\">\r\n\r\n\t\t\t\t\t\t\t\t\t\t<div class=\"featured-image-wrap\">\r\n\t\t\t\t\t\t\r\n\t\t\t\t\t\t<div class=\"category-label\"><a class=\"cat-color-12\" href=\"https:\/\/www.firstcisl.it\/bancadiasti\/category\/aziende-e-territori\/\">Aziende e Territori<\/a><\/div>\r\n\r\n\t\t\t\t\t\t<a href=\"https:\/\/www.firstcisl.it\/bancadiasti\/2025\/03\/23\/congresso-first-cisl-del-coordinamento-di-banca-di-asti\/\">\r\n\t\t\t\t\t\t\t\t\t\t\t\t\t<img loading=\"lazy\" decoding=\"async\" itemprop=\"image\" class=\"featured-image\" width=\"370\" height=\"208\" src=\"https:\/\/www.firstcisl.it\/bancadiasti\/wp-content\/uploads\/sites\/49\/2025\/03\/IMG-20250318-WA0011-370x208.jpg\" alt=\"\">\r\n\t\t\t\t\t\t<\/a>\r\n\r\n\t\t\t\t\t<\/div><!-- featured-image-wrap -->\r\n\t\t\t\t\t\r\n\t\t\t\t\t<article>\r\n\t\t\t\t\t\t<h2 itemprop=\"headline\" class=\"post-title module-small-title\"><a itemprop=\"url\" href=\"https:\/\/www.firstcisl.it\/bancadiasti\/2025\/03\/23\/congresso-first-cisl-del-coordinamento-di-banca-di-asti\/\">Congresso First Cisl del Coordinamento di Banca di Asti<\/a><\/h2>\r\n\r\n\t\t\t\t\t\t<ul class=\"list-inline post-meta\">\r\n\t\t\t\t\t\t\t\n        \n        \n        \t\t\t\t\t\t<\/ul><!-- .post-meta -->\r\n\r\n\t\t\t\t\t\t\t\t\t\t\t\t<div class=\"post-content post-small-content\" itemprop=\"articleBody\"><p>S\u00ec \u00e8 svolto nella giornata di venerd\u00ec 14 marzo il Congresso First Cisl del Coordinamento di Banca di Asti. All\u2019incontro erano presenti:&hellip; <a class=\"continue-reading\" href=\"https:\/\/www.firstcisl.it\/bancadiasti\/2025\/03\/23\/congresso-first-cisl-del-coordinamento-di-banca-di-asti\/\">&nbsp; <i class=\"fa fa-angle-double-right\"><\/i><\/a><\/p><\/div><!-- post-content -->\r\n\t\t\t\t\t\t\r\n\t\t\t\t\t<\/article><!-- .module-5-post -->\r\n\t\t\t\t<\/div><!-- col-lg-6 col-md-6 col-sm-12 col-xs-12 -->\r\n\r\n\r\n\t\t\t\t\r\n\t\t\t\t<div class=\"col-lg-4 col-md-4 col-sm-6 col-xs-12 post-1821 post type-post status-publish format-standard has-post-thumbnail hentry category-contrattazione\" itemscope itemtype=\"https:\/\/schema.org\/Article\">\r\n\r\n\t\t\t\t\t\t\t\t\t\t<div class=\"featured-image-wrap\">\r\n\t\t\t\t\t\t\r\n\t\t\t\t\t\t<div class=\"category-label\"><a class=\"cat-color-6\" href=\"https:\/\/www.firstcisl.it\/bancadiasti\/category\/contrattazione\/\">Contrattazione<\/a><\/div>\r\n\r\n\t\t\t\t\t\t<a href=\"https:\/\/www.firstcisl.it\/bancadiasti\/2025\/02\/28\/contratto-integrativo-sottoscritto-laccordo\/\">\r\n\t\t\t\t\t\t\t\t\t\t\t\t\t<img loading=\"lazy\" decoding=\"async\" itemprop=\"image\" class=\"featured-image\" width=\"370\" height=\"208\" src=\"https:\/\/www.firstcisl.it\/bancadiasti\/wp-content\/uploads\/sites\/49\/2025\/02\/firma_-370x208.jpg\" alt=\"\">\r\n\t\t\t\t\t\t<\/a>\r\n\r\n\t\t\t\t\t<\/div><!-- featured-image-wrap -->\r\n\t\t\t\t\t\r\n\t\t\t\t\t<article>\r\n\t\t\t\t\t\t<h2 itemprop=\"headline\" class=\"post-title module-small-title\"><a itemprop=\"url\" href=\"https:\/\/www.firstcisl.it\/bancadiasti\/2025\/02\/28\/contratto-integrativo-sottoscritto-laccordo\/\">CONTRATTO INTEGRATIVO  Sottoscritto l\u2019accordo<\/a><\/h2>\r\n\r\n\t\t\t\t\t\t<ul class=\"list-inline post-meta\">\r\n\t\t\t\t\t\t\t\n        \n        \n        \t\t\t\t\t\t<\/ul><!-- .post-meta -->\r\n\r\n\t\t\t\t\t\t\t\t\t\t\t\t<div class=\"post-content post-small-content\" itemprop=\"articleBody\"><p>Oggi, 28 febbraio, le Organizzazioni Sindacali F.A.B.I. , FIRST CISL e UILCA hanno sottoscritto il rinnovo del Contratto Integrativo Aziendale&hellip; <a class=\"continue-reading\" href=\"https:\/\/www.firstcisl.it\/bancadiasti\/2025\/02\/28\/contratto-integrativo-sottoscritto-laccordo\/\">&nbsp; <i class=\"fa fa-angle-double-right\"><\/i><\/a><\/p><\/div><!-- post-content -->\r\n\t\t\t\t\t\t\r\n\t\t\t\t\t<\/article><!-- .module-5-post -->\r\n\t\t\t\t<\/div><!-- col-lg-6 col-md-6 col-sm-12 col-xs-12 -->\r\n\r\n\r\n\t\t\t\t\r\n\t\t<\/div><!-- .row -->\r\n\t<\/div><!-- .module-5 -->\r\n\r\n\r\n\t[vc_btn title=&#8221;Tutte le notizie&#8221; style=&#8221;flat&#8221; shape=&#8221;square&#8221; size=&#8221;lg&#8221; align=&#8221;right&#8221; link=&#8221;url:https%3A%2F%2Fwww.firstcisl.it%2Fbancadiasti%2Fnotizie%2F||target:%20_blank|&#8221;][\/vc_column][\/vc_row][vc_row equal_height=&#8221;yes&#8221; el_class=&#8221;visual-links&#8221;][vc_column width=&#8221;1\/4&#8243; offset=&#8221;vc_col-xs-6&#8243;][vc_btn title=&#8221;&#8221; style=&#8221;custom&#8221; custom_background=&#8221;&#8221; custom_text=&#8221;#666666&#8243; shape=&#8221;square&#8221; size=&#8221;lg&#8221; align=&#8221;center&#8221; button_block=&#8221;true&#8221; link=&#8221;url:https%3A%2F%2Fwww.firstcisl.it%2Fbancadiasti%2Fhome%2Fchi-siamo%2F||target:%20_blank|&#8221; css=&#8221;.vc_custom_1494257549662{background-image: url(https:\/\/www.firstcisl.it\/bancadiasti\/wp-content\/uploads\/sites\/49\/2017\/02\/Chi-siamo.jpg?id=209) !important;background-position: center !important;background-repeat: no-repeat !important;background-size: cover !important;}&#8221;][\/vc_column][vc_column width=&#8221;1\/4&#8243; offset=&#8221;vc_col-xs-6&#8243;][vc_btn title=&#8221;&#8221; style=&#8221;custom&#8221; custom_background=&#8221;&#8221; custom_text=&#8221;#ededed&#8221; shape=&#8221;square&#8221; size=&#8221;lg&#8221; align=&#8221;center&#8221; button_block=&#8221;true&#8221; link=&#8221;url:https%3A%2F%2Fwww.firstcisl.it%2Fbancadiasti%2Fcomunicati%2F||target:%20_blank|&#8221; css=&#8221;.vc_custom_1494254685797{background-image: url(https:\/\/www.firstcisl.it\/bancadiasti\/wp-content\/uploads\/sites\/49\/2017\/02\/Comunicati.jpg?id=294) !important;background-position: center !important;background-repeat: no-repeat !important;background-size: cover !important;}&#8221;][\/vc_column][vc_column width=&#8221;1\/4&#8243; offset=&#8221;vc_col-xs-6&#8243;][vc_btn title=&#8221;&#8221; style=&#8221;custom&#8221; custom_background=&#8221;&#8221; custom_text=&#8221;#ededed&#8221; shape=&#8221;square&#8221; size=&#8221;lg&#8221; align=&#8221;center&#8221; button_block=&#8221;true&#8221; link=&#8221;url:https%3A%2F%2Fwww.firstcisl.it%2Fbancadiasti%2Fhome%2Fcontattaci-2%2F||target:%20_blank|&#8221; css=&#8221;.vc_custom_1532613224305{background-image: url(https:\/\/www.firstcisl.it\/bancadiasti\/wp-content\/uploads\/sites\/49\/2018\/07\/Contattaci.jpg?id=816) !important;background-position: center !important;background-repeat: no-repeat !important;background-size: cover !important;}&#8221;][\/vc_column][vc_column width=&#8221;1\/4&#8243; offset=&#8221;vc_col-xs-6&#8243;][vc_btn title=&#8221;&#8221; style=&#8221;custom&#8221; custom_background=&#8221;&#8221; custom_text=&#8221;#ededed&#8221; shape=&#8221;square&#8221; size=&#8221;lg&#8221; align=&#8221;center&#8221; button_block=&#8221;true&#8221; link=&#8221;url:https%3A%2F%2Fwww.firstcisl.it%2Fiscriviti%2F|target:_blank&#8221; css=&#8221;.vc_custom_1663770586214{background-image: url(https:\/\/www.firstcisl.it\/bancadiasti\/wp-content\/uploads\/sites\/49\/2017\/02\/iscriviti.jpg?id=651) !important;background-position: center !important;background-repeat: no-repeat !important;background-size: cover !important;}&#8221;][\/vc_column][\/vc_row][vc_section full_width=&#8221;stretch_row&#8221; el_class=&#8221;visual-links&#8221; css=&#8221;.vc_custom_1678266456943{background-color: #eeeeee !important;}&#8221;][vc_row css=&#8221;.vc_custom_1487959209652{padding-top: 0px !important;padding-right: 0px !important;padding-bottom: 0px !important;padding-left: 0px !important;}&#8221; el_class=&#8221;visual-links&#8221;][vc_column width=&#8221;1\/6&#8243; offset=&#8221;vc_col-xs-6&#8243;][vc_btn title=&#8221;&#8221; style=&#8221;custom&#8221; custom_background=&#8221;&#8221; custom_text=&#8221;#ededed&#8221; shape=&#8221;square&#8221; size=&#8221;lg&#8221; align=&#8221;center&#8221; button_block=&#8221;true&#8221; link=&#8221;url:https%3A%2F%2Fwww.firstcisl.it%2Fiscriviti%2F|target:_blank&#8221; css=&#8221;.vc_custom_1678264815310{background-image: url(https:\/\/www.firstcisl.it\/basilicata\/wp-content\/uploads\/sites\/80\/2017\/02\/Iscriviti.jpg?id=1202) !important;background-position: center !important;background-repeat: no-repeat !important;background-size: cover !important;}&#8221;][\/vc_column][vc_column width=&#8221;1\/6&#8243; offset=&#8221;vc_col-xs-6&#8243;][vc_btn title=&#8221;&#8221; style=&#8221;custom&#8221; custom_background=&#8221;&#8221; custom_text=&#8221;#ededed&#8221; shape=&#8221;square&#8221; size=&#8221;lg&#8221; align=&#8221;center&#8221; button_block=&#8221;true&#8221; link=&#8221;url:https%3A%2F%2Fwww.firstcisl.it%2Faree-tematiche%2Fcomunicazione%2Fpubblicazioni%2F|target:_blank&#8221; css=&#8221;.vc_custom_1678264847064{background-image: url(https:\/\/www.firstcisl.it\/basilicata\/wp-content\/uploads\/sites\/80\/2023\/02\/Approfondimenti_pubblicazioni_nazionali_box.jpg?id=2577) !important;background-position: center !important;background-repeat: no-repeat !important;background-size: cover !important;}&#8221;][\/vc_column][vc_column width=&#8221;1\/6&#8243; offset=&#8221;vc_col-xs-6&#8243;][vc_btn title=&#8221;&#8221; style=&#8221;custom&#8221; custom_background=&#8221;&#8221; custom_text=&#8221;#ededed&#8221; shape=&#8221;square&#8221; size=&#8221;lg&#8221; align=&#8221;center&#8221; button_block=&#8221;true&#8221; link=&#8221;url:https%3A%2F%2Faletheiastore.it%2Fpolizze-professionali%2F|target:_blank&#8221; css=&#8221;.vc_custom_1764578570351{background-image: url(https:\/\/www.firstcisl.it\/bancadiasti\/wp-content\/uploads\/sites\/49\/2025\/12\/Polizze_Aletheia_2026_box.jpg?id=1878) !important;background-position: center !important;background-repeat: no-repeat !important;background-size: cover !important;}&#8221;][\/vc_column][vc_column width=&#8221;1\/6&#8243; offset=&#8221;vc_col-xs-6&#8243;][vc_btn title=&#8221;&#8221; style=&#8221;custom&#8221; custom_background=&#8221;&#8221; custom_text=&#8221;#ededed&#8221; shape=&#8221;square&#8221; size=&#8221;lg&#8221; align=&#8221;center&#8221; button_block=&#8221;true&#8221; link=&#8221;url:https%3A%2F%2Faletheiastore.it|target:_blank&#8221; css=&#8221;.vc_custom_1678264921560{background-image: url(https:\/\/www.firstcisl.it\/basilicata\/wp-content\/uploads\/sites\/80\/2017\/02\/Prodotti-e-servizi.jpg?id=501) !important;background-position: center !important;background-repeat: no-repeat !important;background-size: cover !important;}&#8221;][\/vc_column][vc_column width=&#8221;1\/6&#8243; offset=&#8221;vc_col-xs-6&#8243;][vc_btn title=&#8221;&#8221; style=&#8221;custom&#8221; custom_background=&#8221;&#8221; custom_text=&#8221;#ededed&#8221; shape=&#8221;square&#8221; size=&#8221;lg&#8221; align=&#8221;center&#8221; button_block=&#8221;true&#8221; link=&#8221;url:https%3A%2F%2Fwww.firstcisl.it%2Faree-tematiche%2Fsalute-e-sicurezza%2F|target:_blank&#8221; css=&#8221;.vc_custom_1678264955392{background-image: url(https:\/\/www.firstcisl.it\/basilicata\/wp-content\/uploads\/sites\/80\/2017\/02\/Salute-e-sicurezza.jpg?id=502) !important;background-position: center !important;background-repeat: no-repeat !important;background-size: cover !important;}&#8221;][\/vc_column][vc_column width=&#8221;1\/6&#8243; offset=&#8221;vc_col-xs-6&#8243;][vc_btn title=&#8221;&#8221; style=&#8221;custom&#8221; custom_background=&#8221;&#8221; custom_text=&#8221;#ededed&#8221; shape=&#8221;square&#8221; size=&#8221;lg&#8221; align=&#8221;center&#8221; button_block=&#8221;true&#8221; link=&#8221;url:https%3A%2F%2Fwww.firstcisl.it%2Faree-tematiche%2Flegale%2F|target:_blank&#8221; css=&#8221;.vc_custom_1678264998464{background-image: url(https:\/\/www.firstcisl.it\/basilicata\/wp-content\/uploads\/sites\/80\/2023\/02\/Legale_box.jpg?id=2638) !important;background-position: center !important;background-repeat: no-repeat !important;background-size: cover !important;}&#8221;][\/vc_column][\/vc_row][vc_row css=&#8221;.vc_custom_1678266691831{margin-top: -20px !important;padding-top: 0px !important;padding-right: 0px !important;padding-bottom: 0px !important;padding-left: 0px !important;}&#8221;][vc_column width=&#8221;1\/6&#8243; offset=&#8221;vc_col-xs-6&#8243;][vc_btn title=&#8221;&#8221; style=&#8221;custom&#8221; custom_background=&#8221;&#8221; custom_text=&#8221;#ededed&#8221; shape=&#8221;square&#8221; size=&#8221;lg&#8221; align=&#8221;center&#8221; button_block=&#8221;true&#8221; link=&#8221;url:https%3A%2F%2Fwww.firstcisl.it%2Faree-tematiche%2Fdonne-e-politiche-di-parita-e-di-genere%2F|target:_blank&#8221; css=&#8221;.vc_custom_1678265083541{background-image: url(https:\/\/www.firstcisl.it\/basilicata\/wp-content\/uploads\/sites\/80\/2023\/02\/Donne_box.jpg?id=2641) !important;background-position: center !important;background-repeat: no-repeat !important;background-size: cover !important;}&#8221;][\/vc_column][vc_column width=&#8221;1\/6&#8243; offset=&#8221;vc_col-xs-6&#8243;][vc_btn title=&#8221;&#8221; style=&#8221;custom&#8221; custom_background=&#8221;&#8221; custom_text=&#8221;#ededed&#8221; shape=&#8221;square&#8221; size=&#8221;lg&#8221; align=&#8221;center&#8221; button_block=&#8221;true&#8221; link=&#8221;url:https%3A%2F%2Fwww.firstcisl.it%2Fdirigenti-e-alte-professionalita%2F|target:_blank&#8221; css=&#8221;.vc_custom_1678265121271{background-image: url(https:\/\/www.firstcisl.it\/basilicata\/wp-content\/uploads\/sites\/80\/2023\/02\/Dirigenti_e_Alte_professionalita_box.jpg?id=2644) !important;background-position: center !important;background-repeat: no-repeat !important;background-size: cover !important;}&#8221;][\/vc_column][vc_column width=&#8221;1\/6&#8243; offset=&#8221;vc_col-xs-6&#8243;][vc_btn title=&#8221;&#8221; style=&#8221;custom&#8221; custom_background=&#8221;&#8221; custom_text=&#8221;#ededed&#8221; shape=&#8221;square&#8221; size=&#8221;lg&#8221; align=&#8221;center&#8221; button_block=&#8221;true&#8221; link=&#8221;url:https%3A%2F%2Fwww.firstcisl.it%2Faree-contrattuali%2Fesofirst%2F|target:_blank&#8221; css=&#8221;.vc_custom_1678265146819{background-image: url(https:\/\/www.firstcisl.it\/basilicata\/wp-content\/uploads\/sites\/80\/2017\/02\/Esodati.jpg?id=203) !important;background-position: center !important;background-repeat: no-repeat !important;background-size: cover !important;}&#8221;][\/vc_column][vc_column width=&#8221;1\/6&#8243; offset=&#8221;vc_col-xs-6&#8243;][vc_btn title=&#8221;&#8221; style=&#8221;custom&#8221; custom_background=&#8221;&#8221; custom_text=&#8221;#ededed&#8221; shape=&#8221;square&#8221; size=&#8221;lg&#8221; align=&#8221;center&#8221; button_block=&#8221;true&#8221; link=&#8221;url:https%3A%2F%2Fwww.firstcisl.it%2Faree-contrattuali%2Fcredito-abi%2F|target:_blank&#8221; css=&#8221;.vc_custom_1679583017468{background-image: url(https:\/\/www.firstcisl.it\/bancadiasti\/wp-content\/uploads\/sites\/49\/2023\/03\/Ccnl_Abi_banner_03.jpg?id=1582) !important;background-position: center !important;background-repeat: no-repeat !important;background-size: cover !important;}&#8221;][\/vc_column][vc_column width=&#8221;1\/6&#8243; offset=&#8221;vc_col-xs-6&#8243;][vc_btn title=&#8221;&#8221; style=&#8221;custom&#8221; custom_background=&#8221;&#8221; custom_text=&#8221;#ededed&#8221; shape=&#8221;square&#8221; size=&#8221;lg&#8221; align=&#8221;center&#8221; button_block=&#8221;true&#8221; link=&#8221;url:https%3A%2F%2Fwww.firstcisl.it%2Fosservatorio-desertificazione-bancaria%2F|target:_blank&#8221; css=&#8221;.vc_custom_1679582857886{background-image: url(https:\/\/www.firstcisl.it\/basilicata\/wp-content\/uploads\/sites\/80\/2023\/02\/Osservatorio_desertificazione_bancaria_box.jpg?id=2575) !important;background-position: center !important;background-repeat: no-repeat !important;background-size: cover !important;}&#8221;][\/vc_column][vc_column width=&#8221;1\/6&#8243; offset=&#8221;vc_col-xs-6&#8243;][vc_btn title=&#8221;&#8221; style=&#8221;custom&#8221; custom_background=&#8221;&#8221; custom_text=&#8221;#ededed&#8221; shape=&#8221;square&#8221; size=&#8221;lg&#8221; align=&#8221;center&#8221; button_block=&#8221;true&#8221; css=&#8221;.vc_custom_1708534535854{background-image: url(https:\/\/www.firstcisl.it\/basilicata\/wp-content\/uploads\/sites\/80\/2023\/02\/First_Social_Life_box.jpg?id=2653) !important;background-position: center !important;background-repeat: no-repeat !important;background-size: cover !important;}&#8221;][\/vc_column][\/vc_row][\/vc_section]<\/p>\n<div class=\"gsp_post_data\" \r\n\t            data-post_type=\"page\" \r\n\t            data-cat=\"\" \r\n\t            data-modified=\"120\"\r\n\t            data-created=\"1488218614\"\r\n\t            data-title=\"HOME\" \r\n\t            data-home=\"https:\/\/www.firstcisl.it\/bancadiasti\"><\/div><\/section>","protected":false},"excerpt":{"rendered":"<p>[vc_row full_width=&#8221;stretch_row&#8221; equal_height=&#8221;yes&#8221;][vc_column width=&#8221;1\/2&#8243; offset=&#8221;vc_col-md-8&#8243; css=&#8221;.vc_custom_1539250372720{background-image: url(https:\/\/www.firstcisl.it\/bancadiasti\/wp-content\/uploads\/sites\/49\/2018\/10\/BancaAsti.jpg?id=841) !important;background-position: center !important;background-repeat: no-repeat !important;background-size: cover !important;}&#8221; el_class=&#8221;home-hero&#8221;][\/vc_column][vc_column width=&#8221;1\/2&#8243; css=&#8221;.vc_custom_1487954832873{background-color: #eeeeee !important;}&#8221; el_class=&#8221;notizie-nazionale&#8221; offset=&#8221;vc_col-md-4&#8243;][vc_custom_heading text=&#8221;News nazionali&#8221; font_container=&#8221;tag:h3|text_align:left&#8221; google_fonts=&#8221;font_family:Open%20Sans%3A300%2C300italic%2Cregular%2Citalic%2C600%2C600italic%2C700%2C700italic%2C800%2C800italic|font_style:600%20bold%20regular%3A600%3Anormal&#8221; css=&#8221;.vc_custom_1486037011626{margin-top: 10px !important;margin-right: 10px !important;margin-bottom: 10px !important;margin-left: 10px !important;}&#8221; link=&#8221;|||&#8221;][\/vc_column][\/vc_row][vc_row][vc_column][vc_btn title=&#8221;Tutte le notizie&#8221; style=&#8221;flat&#8221; shape=&#8221;square&#8221; size=&#8221;lg&#8221; align=&#8221;right&#8221; link=&#8221;url:https%3A%2F%2Fwww.firstcisl.it%2Fbancadiasti%2Fnotizie%2F||target:%20_blank|&#8221;][\/vc_column][\/vc_row][vc_row equal_height=&#8221;yes&#8221; el_class=&#8221;visual-links&#8221;][vc_column width=&#8221;1\/4&#8243; offset=&#8221;vc_col-xs-6&#8243;][vc_btn title=&#8221;&#8221; style=&#8221;custom&#8221; custom_background=&#8221;&#8221; custom_text=&#8221;#666666&#8243; shape=&#8221;square&#8221; size=&#8221;lg&#8221; align=&#8221;center&#8221; button_block=&#8221;true&#8221; [&hellip;]<\/p>\n","protected":false},"author":1,"featured_media":0,"parent":0,"menu_order":-999,"comment_status":"closed","ping_status":"closed","template":"template\/tpl-vc-blank.php","meta":{"footnotes":""},"class_list":["post-16","page","type-page","status-publish","hentry"],"_links":{"self":[{"href":"https:\/\/www.firstcisl.it\/bancadiasti\/wp-json\/wp\/v2\/pages\/16","targetHints":{"allow":["GET"]}}],"collection":[{"href":"https:\/\/www.firstcisl.it\/bancadiasti\/wp-json\/wp\/v2\/pages"}],"about":[{"href":"https:\/\/www.firstcisl.it\/bancadiasti\/wp-json\/wp\/v2\/types\/page"}],"author":[{"embeddable":true,"href":"https:\/\/www.firstcisl.it\/bancadiasti\/wp-json\/wp\/v2\/users\/1"}],"replies":[{"embeddable":true,"href":"https:\/\/www.firstcisl.it\/bancadiasti\/wp-json\/wp\/v2\/comments?post=16"}],"version-history":[{"count":224,"href":"https:\/\/www.firstcisl.it\/bancadiasti\/wp-json\/wp\/v2\/pages\/16\/revisions"}],"predecessor-version":[{"id":1879,"href":"https:\/\/www.firstcisl.it\/bancadiasti\/wp-json\/wp\/v2\/pages\/16\/revisions\/1879"}],"wp:attachment":[{"href":"https:\/\/www.firstcisl.it\/bancadiasti\/wp-json\/wp\/v2\/media?parent=16"}],"curies":[{"name":"wp","href":"https:\/\/api.w.org\/{rel}","templated":true}]}}